{"version":"1.0","provider_name":"Envol Vert","provider_url":"https:\/\/envol-vert.org\/es\/","title":"Bienes de consumo y deforestaci\u00f3n - Envol Vert","type":"rich","width":600,"height":338,"html":"<blockquote class=\"wp-embedded-content\" data-secret=\"89mQUGUmjR\"><a href=\"https:\/\/envol-vert.org\/es\/no-clasificado\/2017\/01\/consumo-y-deforestacion\/\">Bienes de consumo y deforestaci\u00f3n<\/a><\/blockquote><iframe sandbox=\"allow-scripts\" security=\"restricted\" src=\"https:\/\/envol-vert.org\/es\/no-clasificado\/2017\/01\/consumo-y-deforestacion\/embed\/#?secret=89mQUGUmjR\" width=\"600\" height=\"338\" title=\"&#8220;Bienes de consumo y deforestaci\u00f3n&#8221; &#8212; Envol Vert\" data-secret=\"89mQUGUmjR\" frameborder=\"0\" marginwidth=\"0\" marginheight=\"0\" scrolling=\"no\" class=\"wp-embedded-content\"><\/iframe><script>\n\/*! This file is auto-generated *\/\n!function(d,l){\"use strict\";l.querySelector&&d.addEventListener&&\"undefined\"!=typeof URL&&(d.wp=d.wp||{},d.wp.receiveEmbedMessage||(d.wp.receiveEmbedMessage=function(e){var t=e.data;if((t||t.secret||t.message||t.value)&&!\/[^a-zA-Z0-9]\/.test(t.secret)){for(var s,r,n,a=l.querySelectorAll('iframe[data-secret=\"'+t.secret+'\"]'),o=l.querySelectorAll('blockquote[data-secret=\"'+t.secret+'\"]'),c=new RegExp(\"^https?:$\",\"i\"),i=0;i<o.length;i++)o[i].style.display=\"none\";for(i=0;i<a.length;i++)s=a[i],e.source===s.contentWindow&&(s.removeAttribute(\"style\"),\"height\"===t.message?(1e3<(r=parseInt(t.value,10))?r=1e3:~~r<200&&(r=200),s.height=r):\"link\"===t.message&&(r=new URL(s.getAttribute(\"src\")),n=new URL(t.value),c.test(n.protocol))&&n.host===r.host&&l.activeElement===s&&(d.top.location.href=t.value))}},d.addEventListener(\"message\",d.wp.receiveEmbedMessage,!1),l.addEventListener(\"DOMContentLoaded\",function(){for(var e,t,s=l.querySelectorAll(\"iframe.wp-embedded-content\"),r=0;r<s.length;r++)(t=(e=s[r]).getAttribute(\"data-secret\"))||(t=Math.random().toString(36).substring(2,12),e.src+=\"#?secret=\"+t,e.setAttribute(\"data-secret\",t)),e.contentWindow.postMessage({message:\"ready\",secret:t},\"*\")},!1)))}(window,document);\n\/\/# sourceURL=https:\/\/envol-vert.org\/wp-includes\/js\/wp-embed.min.js\n<\/script>\n","thumbnail_url":"https:\/\/envol-vert.org\/wp-content\/uploads\/2017\/01\/deforestation_jan16.jpg","thumbnail_width":1013,"thumbnail_height":572,"description":"Les donn\u00e9es pr\u00e9sent\u00e9es dans ce rapport indiquent que le ph\u00e9nom\u00e8ne d'agriculture commerciale et les exportations associ\u00e9es se sont poursuivies \u00e0 un rythme alarmant depuis au moins le d\u00e9but du 21\u00e8me si\u00e8cle."}