{"id":35330,"date":"2020-07-17T10:22:32","date_gmt":"2020-07-17T09:22:32","guid":{"rendered":"https:\/\/bylandry.com\/envert-v2\/campaign\/derriere-les-arbres\/"},"modified":"2021-03-23T23:15:20","modified_gmt":"2021-03-23T22:15:20","slug":"detras-de-los-arboles","status":"publish","type":"campaign","link":"https:\/\/envol-vert.org\/es\/camp\/detras-de-los-arboles\/","title":{"rendered":"Detr\u00e1s de los \u00e1rboles"},"content":{"rendered":"<p><div class=\"fusion-fullwidth fullwidth-box fusion-builder-row-1 fusion-flex-container hundred-percent-fullwidth non-hundred-percent-height-scrolling\" style=\"--awb-border-radius-top-left:0px;--awb-border-radius-top-right:0px;--awb-border-radius-bottom-right:0px;--awb-border-radius-bottom-left:0px;--awb-padding-top:0%;--awb-padding-right:0%;--awb-padding-bottom:0%;--awb-padding-left:0%;--awb-background-color:#3aaa35;--awb-flex-wrap:wrap;\" ><div class=\"fusion-builder-row fusion-row fusion-flex-align-items-stretch fusion-flex-justify-content-center fusion-flex-content-wrap\" style=\"width:104% !important;max-width:104% !important;margin-left: calc(-4% \/ 2 );margin-right: calc(-4% \/ 2 );\"><div class=\"fusion-layout-column fusion_builder_column fusion-builder-column-0 fusion_builder_column_1_2 1_2 fusion-flex-column fusion-flex-align-self-stretch\" style=\"--awb-bg-position:center center;--awb-bg-size:cover;--awb-width-large:50%;--awb-margin-top-large:0px;--awb-spacing-right-large:3.84%;--awb-margin-bottom-large:0px;--awb-spacing-left-large:3.84%;--awb-width-medium:100%;--awb-order-medium:0;--awb-spacing-right-medium:1.92%;--awb-spacing-left-medium:1.92%;--awb-width-small:100%;--awb-order-small:0;--awb-spacing-right-small:1.92%;--awb-spacing-left-small:1.92%;\"><div class=\"fusion-column-wrapper fusion-column-has-shadow fusion-flex-justify-content-center fusion-content-layout-column\"><div class=\"fusion-image-element\" style=\"text-align:center;--awb-margin-left:5%;--awb-caption-title-font-family:var(--h2_typography-font-family);--awb-caption-title-font-weight:var(--h2_typography-font-weight);--awb-caption-title-font-style:var(--h2_typography-font-style);--awb-caption-title-size:var(--h2_typography-font-size);--awb-caption-title-transform:var(--h2_typography-text-transform);--awb-caption-title-line-height:var(--h2_typography-line-height);--awb-caption-title-letter-spacing:var(--h2_typography-letter-spacing);--awb-filter:opacity(100%);--awb-filter-transition:filter 0.3s ease, -webkit-backdrop-filter 0.3s ease, backdrop-filter 0.3s ease;--awb-filter-hover:opacity(50%);\"><span class=\" fusion-imageframe imageframe-none imageframe-1 hover-type-none\"><a class=\"fusion-no-lightbox\" href=\"https:\/\/derrierelesarbres.fr\/\" target=\"_blank\" aria-label=\"derriere-les-arbres-screenshot\" rel=\"noopener noreferrer\"><img decoding=\"async\" width=\"976\" height=\"478\" src=\"https:\/\/envol-vert.org\/wp-content\/uploads\/2020\/07\/derriere-les-arbres-screenshot.png\" alt class=\"img-responsive wp-image-34539\" srcset=\"https:\/\/envol-vert.org\/wp-content\/uploads\/2020\/07\/derriere-les-arbres-screenshot-200x98.png 200w, https:\/\/envol-vert.org\/wp-content\/uploads\/2020\/07\/derriere-les-arbres-screenshot-400x196.png 400w, https:\/\/envol-vert.org\/wp-content\/uploads\/2020\/07\/derriere-les-arbres-screenshot-600x294.png 600w, https:\/\/envol-vert.org\/wp-content\/uploads\/2020\/07\/derriere-les-arbres-screenshot-800x392.png 800w, https:\/\/envol-vert.org\/wp-content\/uploads\/2020\/07\/derriere-les-arbres-screenshot.png 976w\" sizes=\"(max-width: 1024px) 100vw, (max-width: 640px) 100vw, 600px\" \/><\/a><\/span><\/div><\/div><\/div><div class=\"fusion-layout-column fusion_builder_column fusion-builder-column-1 fusion_builder_column_1_2 1_2 fusion-flex-column fusion-flex-align-self-stretch\" style=\"--awb-padding-top:3%;--awb-padding-right:5%;--awb-padding-bottom:3%;--awb-padding-left:10%;--awb-padding-top-medium:3%;--awb-padding-right-medium:3%;--awb-padding-bottom-medium:3%;--awb-padding-left-medium:3%;--awb-padding-top-small:3%;--awb-padding-right-small:3%;--awb-padding-bottom-small:3%;--awb-padding-left-small:3%;--awb-bg-color:#3aaa35;--awb-bg-color-hover:#3aaa35;--awb-bg-size:cover;--awb-width-large:50%;--awb-margin-top-large:0px;--awb-spacing-right-large:3.84%;--awb-margin-bottom-large:0px;--awb-spacing-left-large:0%;--awb-width-medium:100%;--awb-order-medium:0;--awb-spacing-right-medium:1.92%;--awb-margin-bottom-medium:0px;--awb-spacing-left-medium:1.92%;--awb-width-small:100%;--awb-order-small:0;--awb-spacing-right-small:1.92%;--awb-margin-bottom-small:0px;--awb-spacing-left-small:1.92%;\"><div class=\"fusion-column-wrapper fusion-column-has-shadow fusion-flex-justify-content-flex-start fusion-content-layout-column\"><div class=\"fusion-text fusion-text-1\"><h2><span style=\"color: #ffffff;\"><b>\u00bfQu\u00e9 hay detr\u00e1s de plantar un \u00e1rbol?<\/b><\/span><\/h2>\n<\/div><div class=\"fusion-separator fusion-has-icon\" style=\"align-self: flex-start;margin-right:auto;margin-bottom:2%;width:100%;max-width:60%;\"><div class=\"fusion-separator-border sep-single sep-solid\" style=\"--awb-height:20px;--awb-amount:20px;--awb-sep-color:#fffcfc;border-color:#fffcfc;border-top-width:2px;\"><\/div><span class=\"icon-wrapper\" style=\"border-color:#fffcfc;background-color:rgba(255,255,255,0);font-size:13px;width: 1.75em; height: 1.75em;border-width:2px;padding:2px;margin-top:-1px\"><i class=\"fa-tree fas\" style=\"font-size: inherit;color:#fffcfc;\" aria-hidden=\"true\"><\/i><\/span><div class=\"fusion-separator-border sep-single sep-solid\" style=\"--awb-height:20px;--awb-amount:20px;--awb-sep-color:#fffcfc;border-color:#fffcfc;border-top-width:2px;\"><\/div><\/div><div class=\"fusion-text fusion-text-2\"><p><span style=\"font-weight: 400; color: #ffffff;\">Con demasiada frecuencia, los proyectos o las donaciones parecen reducirse a plantar \u00e1rboles. Sin embargo, detr\u00e1s de un de proyecto de reforestaci\u00f3n hay hombres y mujeres que tratan de reconectar la naturaleza con la vida local, que trabajan con material para transportar, plantar, cultivar, y que comparten un caf\u00e9 para empezar bien el d\u00eda.<\/span><\/p>\n<p style=\"text-align: justify;\"><span style=\"color: #ffffff;\"><b>Descubrir a los ciudadanos que hay detr\u00e1s de un\u00a0 proyecto de reforestaci\u00f3n y lo que les permite apoyar estas iniciativas para el futuro sostenible de las personas y los bosques, <\/b><b>es lo que estamos tratando de materializar a trav\u00e9s de esta plataforma de financiamiento participativo.<\/b><\/span><\/p>\n<\/div><div ><a class=\"fusion-button button-flat fusion-button-default-size button-default fusion-button-default button-1 fusion-button-default-span fusion-button-default-type\" style=\"--awb-margin-top:1%;--awb-margin-bottom:4%;\" target=\"_blank\" rel=\"noopener noreferrer\" href=\"https:\/\/derrierelesarbres.fr\/\"><i class=\"fa-tree fas awb-button__icon awb-button__icon--default button-icon-left\" aria-hidden=\"true\"><\/i><span class=\"fusion-button-text awb-button__text awb-button__text--default\">Conocer lo que hay detr\u00e1s de los \u00e1rboles<\/span><\/a><\/div><\/div><\/div><\/div><\/div><div class=\"fusion-fullwidth fullwidth-box fusion-builder-row-2 fusion-flex-container hundred-percent-fullwidth non-hundred-percent-height-scrolling\" style=\"--link_hover_color: #333333;--link_color: #ea773d;--awb-border-radius-top-left:0px;--awb-border-radius-top-right:0px;--awb-border-radius-bottom-right:0px;--awb-border-radius-bottom-left:0px;--awb-padding-right:0px;--awb-padding-bottom:0px;--awb-padding-left:0px;--awb-flex-wrap:wrap;\" ><div class=\"fusion-builder-row fusion-row fusion-flex-align-items-center fusion-flex-justify-content-center fusion-flex-content-wrap\" style=\"width:104% !important;max-width:104% !important;margin-left: calc(-4% \/ 2 );margin-right: calc(-4% \/ 2 );\"><div class=\"fusion-layout-column fusion_builder_column fusion-builder-column-2 fusion_builder_column_1_2 1_2 fusion-flex-column fusion-flex-align-self-center\" style=\"--awb-padding-top:3%;--awb-padding-right:5%;--awb-padding-bottom:3%;--awb-padding-left:10%;--awb-padding-top-medium:3%;--awb-padding-right-medium:3%;--awb-padding-bottom-medium:3%;--awb-padding-left-medium:3%;--awb-padding-top-small:3%;--awb-padding-right-small:3%;--awb-padding-bottom-small:3%;--awb-padding-left-small:3%;--awb-bg-size:cover;--awb-width-large:50%;--awb-margin-top-large:0px;--awb-spacing-right-large:3.84%;--awb-margin-bottom-large:0px;--awb-spacing-left-large:0%;--awb-width-medium:100%;--awb-order-medium:0;--awb-spacing-right-medium:1.92%;--awb-margin-bottom-medium:0px;--awb-spacing-left-medium:1.92%;--awb-width-small:100%;--awb-order-small:0;--awb-spacing-right-small:1.92%;--awb-margin-bottom-small:0px;--awb-spacing-left-small:1.92%;\"><div class=\"fusion-column-wrapper fusion-column-has-shadow fusion-flex-justify-content-center fusion-content-layout-column\"><div class=\"fusion-text fusion-text-3\"><h2><b>El proyecto de reforestaci\u00f3n<\/b><b> <\/b><\/h2>\n<\/div><div class=\"fusion-separator fusion-has-icon\" style=\"align-self: flex-start;margin-right:auto;margin-top:2px;margin-bottom:2%;width:100%;max-width:40%;\"><div class=\"fusion-separator-border sep-single sep-solid\" style=\"--awb-height:20px;--awb-amount:20px;--awb-sep-color:#076633;border-color:#076633;border-top-width:2px;\"><\/div><span class=\"icon-wrapper\" style=\"border-color:#076633;background-color:rgba(255,255,255,0);font-size:12px;width: 1.75em; height: 1.75em;border-width:2px;padding:2px;margin-top:-1px\"><i class=\"fa-tree fas\" style=\"font-size: inherit;color:#076633;\" aria-hidden=\"true\"><\/i><\/span><div class=\"fusion-separator-border sep-single sep-solid\" style=\"--awb-height:20px;--awb-amount:20px;--awb-sep-color:#076633;border-color:#076633;border-top-width:2px;\"><\/div><\/div><div class=\"fusion-text fusion-text-4\"><p>En la costa caribe\u00f1a, Envol Vert apoya un <a href=\"https:\/\/envol-vert.org\/es\/pro\/programa-bosques-secos-colombia\/\" target=\"_blank\" rel=\"noopener\">proyecto de agroforester\u00eda<\/a>, con el fin de plantar \u00e1rboles dentro de parcelas agr\u00edcolas y campesinas para preservar los suelos y promover la biodiversidad. El proyecto tambi\u00e9n promueve alternativas econ\u00f3micas a la deforestaci\u00f3n que mejoran las condiciones de vida y la alimentaci\u00f3n de las personas.<\/p>\n<p style=\"text-align: center;\">Solo queda un 8% del bosque seco colombiano, los agricultores te cuentan por qu\u00e9 plantan \u00e1rboles.<\/p>\n<\/div><\/div><\/div><div class=\"fusion-layout-column fusion_builder_column fusion-builder-column-3 fusion_builder_column_1_2 1_2 fusion-flex-column fusion-flex-align-self-center\" style=\"--awb-padding-top:3%;--awb-padding-bottom:3%;--awb-bg-position:center center;--awb-bg-size:cover;--awb-width-large:50%;--awb-margin-top-large:0px;--awb-spacing-right-large:3.84%;--awb-margin-bottom-large:0px;--awb-spacing-left-large:3.84%;--awb-width-medium:100%;--awb-order-medium:0;--awb-spacing-right-medium:1.92%;--awb-spacing-left-medium:1.92%;--awb-width-small:100%;--awb-order-small:0;--awb-spacing-right-small:1.92%;--awb-spacing-left-small:1.92%;\"><div class=\"fusion-column-wrapper fusion-column-has-shadow fusion-flex-justify-content-space-between fusion-content-layout-column\"><div class=\"fusion-video fusion-youtube\" style=\"--awb-max-width:600px;--awb-max-height:360px;--awb-align-self:center;--awb-width:100%;\"><div class=\"video-shortcode\"><div class=\"fluid-width-video-wrapper\" style=\"padding-top:60%;\" ><iframe title=\"YouTube video player 1\" src=\"https:\/\/www.youtube.com\/embed\/vkLiWHvhICg?wmode=transparent&autoplay=0\" width=\"600\" height=\"360\" allowfullscreen allow=\"autoplay; clipboard-write; encrypted-media; gyroscope; picture-in-picture;\"><\/iframe><\/div><\/div><\/div><\/div><\/div><\/div><\/div><div class=\"fusion-fullwidth fullwidth-box fusion-builder-row-3 nonhundred-percent-fullwidth non-hundred-percent-height-scrolling\" style=\"--awb-border-radius-top-left:0px;--awb-border-radius-top-right:0px;--awb-border-radius-bottom-right:0px;--awb-border-radius-bottom-left:0px;--awb-background-color:#076633;--awb-flex-wrap:wrap;\" ><div class=\"fusion-builder-row fusion-row\"><div class=\"fusion-layout-column fusion_builder_column fusion-builder-column-4 fusion_builder_column_1_1 1_1 fusion-one-full fusion-column-first fusion-column-last\" style=\"--awb-padding-top:4%;--awb-bg-size:cover;--awb-margin-bottom:30px;\"><div class=\"fusion-column-wrapper fusion-column-has-shadow fusion-flex-column-wrapper-legacy\"><div class=\"fusion-text fusion-text-5\" style=\"--awb-content-alignment:center;--awb-font-size:1.0em;\"><p style=\"text-align: center;\"><span style=\"font-weight: 400; color: #ffffff;\">Agradecimiento a nuestros socios como la Fundaci\u00f3n Maisons du Monde, all4trees y tambi\u00e9n a la agencia 148 que nos ayudaron a desarrollar esta plataforma.\u00a0\u00a0<\/span><\/p>\n<p style=\"text-align: center;\"><span style=\"font-weight: 400; color: #ffffff;\">Esto le permite a cerca de 100 familias mejorar sus condiciones de vida. Sus donaciones permitir\u00e1n extender este proyecto a otras comunidades en Colombia.<\/span><\/p>\n<\/div><div class=\"fusion-button-wrapper fusion-aligncenter\"><a class=\"fusion-button button-flat fusion-button-default-size button-default fusion-button-default button-2 fusion-button-default-span fusion-button-default-type\" target=\"_blank\" rel=\"noopener noreferrer\" href=\"https:\/\/envol-vert.org\/es\/actuar\/donacion\/\"><i class=\"fa-hands-helping fas awb-button__icon awb-button__icon--default button-icon-left\" aria-hidden=\"true\"><\/i><span class=\"fusion-button-text awb-button__text awb-button__text--default\">Apoye este proyecto <\/span><\/a><\/div><div class=\"fusion-clearfix\"><\/div><\/div><\/div><\/div><\/div><\/p>\n","protected":false},"excerpt":{"rendered":"<p>Trop souvent les projets ou les dons semblent se r\u00e9sumer \u00e0 des plantations d\u2019arbres. Mais derri\u00e8re un projet de reforestation, il y a des hommes et des femmes qui essaient de reconnecter la nature avec la vie locale<\/p>\n","protected":false},"featured_media":26345,"menu_order":0,"template":"","camp_category":[1435],"class_list":["post-35330","campaign","type-campaign","status-publish","has-post-thumbnail","hentry","camp_category-sensibilizacion"],"yoast_head":"<!-- This site is optimized with the Yoast SEO plugin v28.3 - https:\/\/yoast.com\/product\/yoast-seo-wordpress\/ -->\n<title>Detr\u00e1s de los \u00e1rboles - Envol Vert<\/title>\n<meta name=\"robots\" content=\"index, follow, max-snippet:-1, max-image-preview:large, max-video-preview:-1\" \/>\n<link rel=\"canonical\" href=\"https:\/\/envol-vert.org\/es\/camp\/detras-de-los-arboles\/\" \/>\n<meta property=\"og:locale\" content=\"es_ES\" \/>\n<meta property=\"og:type\" content=\"article\" \/>\n<meta property=\"og:title\" content=\"Detr\u00e1s de los \u00e1rboles - Envol Vert\" \/>\n<meta property=\"og:description\" content=\"Trop souvent les projets ou les dons semblent se r\u00e9sumer \u00e0 des plantations d\u2019arbres. Mais derri\u00e8re un projet de reforestation, il y a des hommes et des femmes qui essaient de reconnecter la nature avec la vie locale\" \/>\n<meta property=\"og:url\" content=\"https:\/\/envol-vert.org\/es\/camp\/detras-de-los-arboles\/\" \/>\n<meta property=\"og:site_name\" content=\"Envol Vert\" \/>\n<meta property=\"article:publisher\" content=\"https:\/\/www.facebook.com\/EnvolVertFrance\/\" \/>\n<meta property=\"article:modified_time\" content=\"2021-03-23T22:15:20+00:00\" \/>\n<meta property=\"og:image\" content=\"https:\/\/envol-vert.org\/wp-content\/uploads\/2019\/12\/TITImai2015_pepiniere01\u00a9L.Durant.jpg\" \/>\n\t<meta property=\"og:image:width\" content=\"1300\" \/>\n\t<meta property=\"og:image:height\" content=\"867\" \/>\n\t<meta property=\"og:image:type\" content=\"image\/jpeg\" \/>\n<meta name=\"twitter:card\" content=\"summary_large_image\" \/>\n<meta name=\"twitter:site\" content=\"@Envolvert\" \/>\n<meta name=\"twitter:label1\" content=\"Tiempo de lectura\" \/>\n\t<meta name=\"twitter:data1\" content=\"16 minutes\" \/>\n<script type=\"application\/ld+json\" class=\"yoast-schema-graph\">{\"@context\":\"https:\\\/\\\/schema.org\",\"@graph\":[{\"@type\":\"WebPage\",\"@id\":\"https:\\\/\\\/envol-vert.org\\\/es\\\/camp\\\/detras-de-los-arboles\\\/\",\"url\":\"https:\\\/\\\/envol-vert.org\\\/es\\\/camp\\\/detras-de-los-arboles\\\/\",\"name\":\"Detr\u00e1s de los \u00e1rboles - Envol Vert\",\"isPartOf\":{\"@id\":\"https:\\\/\\\/envol-vert.org\\\/es\\\/#website\"},\"primaryImageOfPage\":{\"@id\":\"https:\\\/\\\/envol-vert.org\\\/es\\\/camp\\\/detras-de-los-arboles\\\/#primaryimage\"},\"image\":{\"@id\":\"https:\\\/\\\/envol-vert.org\\\/es\\\/camp\\\/detras-de-los-arboles\\\/#primaryimage\"},\"thumbnailUrl\":\"https:\\\/\\\/envol-vert.org\\\/wp-content\\\/uploads\\\/2019\\\/12\\\/TITImai2015_pepiniere01\u00a9L.Durant.jpg\",\"datePublished\":\"2020-07-17T09:22:32+00:00\",\"dateModified\":\"2021-03-23T22:15:20+00:00\",\"breadcrumb\":{\"@id\":\"https:\\\/\\\/envol-vert.org\\\/es\\\/camp\\\/detras-de-los-arboles\\\/#breadcrumb\"},\"inLanguage\":\"es-ES\",\"potentialAction\":[{\"@type\":\"ReadAction\",\"target\":[\"https:\\\/\\\/envol-vert.org\\\/es\\\/camp\\\/detras-de-los-arboles\\\/\"]}]},{\"@type\":\"ImageObject\",\"inLanguage\":\"es-ES\",\"@id\":\"https:\\\/\\\/envol-vert.org\\\/es\\\/camp\\\/detras-de-los-arboles\\\/#primaryimage\",\"url\":\"https:\\\/\\\/envol-vert.org\\\/wp-content\\\/uploads\\\/2019\\\/12\\\/TITImai2015_pepiniere01\u00a9L.Durant.jpg\",\"contentUrl\":\"https:\\\/\\\/envol-vert.org\\\/wp-content\\\/uploads\\\/2019\\\/12\\\/TITImai2015_pepiniere01\u00a9L.Durant.jpg\",\"width\":1300,\"height\":867},{\"@type\":\"BreadcrumbList\",\"@id\":\"https:\\\/\\\/envol-vert.org\\\/es\\\/camp\\\/detras-de-los-arboles\\\/#breadcrumb\",\"itemListElement\":[{\"@type\":\"ListItem\",\"position\":1,\"name\":\"Accueil\",\"item\":\"https:\\\/\\\/envol-vert.org\\\/es\\\/\"},{\"@type\":\"ListItem\",\"position\":2,\"name\":\"Detr\u00e1s de los \u00e1rboles\"}]},{\"@type\":\"WebSite\",\"@id\":\"https:\\\/\\\/envol-vert.org\\\/es\\\/#website\",\"url\":\"https:\\\/\\\/envol-vert.org\\\/es\\\/\",\"name\":\"Envol Vert\",\"description\":\"La for\u00eat nous rend service, rendons le lui.\",\"publisher\":{\"@id\":\"https:\\\/\\\/envol-vert.org\\\/es\\\/#organization\"},\"potentialAction\":[{\"@type\":\"SearchAction\",\"target\":{\"@type\":\"EntryPoint\",\"urlTemplate\":\"https:\\\/\\\/envol-vert.org\\\/es\\\/?s={search_term_string}\"},\"query-input\":{\"@type\":\"PropertyValueSpecification\",\"valueRequired\":true,\"valueName\":\"search_term_string\"}}],\"inLanguage\":\"es-ES\"},{\"@type\":\"Organization\",\"@id\":\"https:\\\/\\\/envol-vert.org\\\/es\\\/#organization\",\"name\":\"Envol Vert\",\"url\":\"https:\\\/\\\/envol-vert.org\\\/es\\\/\",\"logo\":{\"@type\":\"ImageObject\",\"inLanguage\":\"es-ES\",\"@id\":\"https:\\\/\\\/envol-vert.org\\\/es\\\/#\\\/schema\\\/logo\\\/image\\\/\",\"url\":\"https:\\\/\\\/envol-vert.org\\\/wp-content\\\/uploads\\\/2021\\\/03\\\/Logo-icone-site.png\",\"contentUrl\":\"https:\\\/\\\/envol-vert.org\\\/wp-content\\\/uploads\\\/2021\\\/03\\\/Logo-icone-site.png\",\"width\":512,\"height\":512,\"caption\":\"Envol Vert\"},\"image\":{\"@id\":\"https:\\\/\\\/envol-vert.org\\\/es\\\/#\\\/schema\\\/logo\\\/image\\\/\"},\"sameAs\":[\"https:\\\/\\\/www.facebook.com\\\/EnvolVertFrance\\\/\",\"https:\\\/\\\/x.com\\\/Envolvert\",\"https:\\\/\\\/www.instagram.com\\\/envol_vert_france\\\/\",\"https:\\\/\\\/www.linkedin.com\\\/company\\\/envolvert\\\/\",\"https:\\\/\\\/www.youtube.com\\\/c\\\/EnvolVert\"]}]}<\/script>\n<!-- \/ Yoast SEO plugin. -->","yoast_head_json":{"title":"Detr\u00e1s de los \u00e1rboles - Envol Vert","robots":{"index":"index","follow":"follow","max-snippet":"max-snippet:-1","max-image-preview":"max-image-preview:large","max-video-preview":"max-video-preview:-1"},"canonical":"https:\/\/envol-vert.org\/es\/camp\/detras-de-los-arboles\/","og_locale":"es_ES","og_type":"article","og_title":"Detr\u00e1s de los \u00e1rboles - Envol Vert","og_description":"Trop souvent les projets ou les dons semblent se r\u00e9sumer \u00e0 des plantations d\u2019arbres. Mais derri\u00e8re un projet de reforestation, il y a des hommes et des femmes qui essaient de reconnecter la nature avec la vie locale","og_url":"https:\/\/envol-vert.org\/es\/camp\/detras-de-los-arboles\/","og_site_name":"Envol Vert","article_publisher":"https:\/\/www.facebook.com\/EnvolVertFrance\/","article_modified_time":"2021-03-23T22:15:20+00:00","og_image":[{"width":1300,"height":867,"url":"https:\/\/envol-vert.org\/wp-content\/uploads\/2019\/12\/TITImai2015_pepiniere01\u00a9L.Durant.jpg","type":"image\/jpeg"}],"twitter_card":"summary_large_image","twitter_site":"@Envolvert","twitter_misc":{"Tiempo de lectura":"16 minutes"},"schema":{"@context":"https:\/\/schema.org","@graph":[{"@type":"WebPage","@id":"https:\/\/envol-vert.org\/es\/camp\/detras-de-los-arboles\/","url":"https:\/\/envol-vert.org\/es\/camp\/detras-de-los-arboles\/","name":"Detr\u00e1s de los \u00e1rboles - Envol Vert","isPartOf":{"@id":"https:\/\/envol-vert.org\/es\/#website"},"primaryImageOfPage":{"@id":"https:\/\/envol-vert.org\/es\/camp\/detras-de-los-arboles\/#primaryimage"},"image":{"@id":"https:\/\/envol-vert.org\/es\/camp\/detras-de-los-arboles\/#primaryimage"},"thumbnailUrl":"https:\/\/envol-vert.org\/wp-content\/uploads\/2019\/12\/TITImai2015_pepiniere01\u00a9L.Durant.jpg","datePublished":"2020-07-17T09:22:32+00:00","dateModified":"2021-03-23T22:15:20+00:00","breadcrumb":{"@id":"https:\/\/envol-vert.org\/es\/camp\/detras-de-los-arboles\/#breadcrumb"},"inLanguage":"es-ES","potentialAction":[{"@type":"ReadAction","target":["https:\/\/envol-vert.org\/es\/camp\/detras-de-los-arboles\/"]}]},{"@type":"ImageObject","inLanguage":"es-ES","@id":"https:\/\/envol-vert.org\/es\/camp\/detras-de-los-arboles\/#primaryimage","url":"https:\/\/envol-vert.org\/wp-content\/uploads\/2019\/12\/TITImai2015_pepiniere01\u00a9L.Durant.jpg","contentUrl":"https:\/\/envol-vert.org\/wp-content\/uploads\/2019\/12\/TITImai2015_pepiniere01\u00a9L.Durant.jpg","width":1300,"height":867},{"@type":"BreadcrumbList","@id":"https:\/\/envol-vert.org\/es\/camp\/detras-de-los-arboles\/#breadcrumb","itemListElement":[{"@type":"ListItem","position":1,"name":"Accueil","item":"https:\/\/envol-vert.org\/es\/"},{"@type":"ListItem","position":2,"name":"Detr\u00e1s de los \u00e1rboles"}]},{"@type":"WebSite","@id":"https:\/\/envol-vert.org\/es\/#website","url":"https:\/\/envol-vert.org\/es\/","name":"Envol Vert","description":"La for\u00eat nous rend service, rendons le lui.","publisher":{"@id":"https:\/\/envol-vert.org\/es\/#organization"},"potentialAction":[{"@type":"SearchAction","target":{"@type":"EntryPoint","urlTemplate":"https:\/\/envol-vert.org\/es\/?s={search_term_string}"},"query-input":{"@type":"PropertyValueSpecification","valueRequired":true,"valueName":"search_term_string"}}],"inLanguage":"es-ES"},{"@type":"Organization","@id":"https:\/\/envol-vert.org\/es\/#organization","name":"Envol Vert","url":"https:\/\/envol-vert.org\/es\/","logo":{"@type":"ImageObject","inLanguage":"es-ES","@id":"https:\/\/envol-vert.org\/es\/#\/schema\/logo\/image\/","url":"https:\/\/envol-vert.org\/wp-content\/uploads\/2021\/03\/Logo-icone-site.png","contentUrl":"https:\/\/envol-vert.org\/wp-content\/uploads\/2021\/03\/Logo-icone-site.png","width":512,"height":512,"caption":"Envol Vert"},"image":{"@id":"https:\/\/envol-vert.org\/es\/#\/schema\/logo\/image\/"},"sameAs":["https:\/\/www.facebook.com\/EnvolVertFrance\/","https:\/\/x.com\/Envolvert","https:\/\/www.instagram.com\/envol_vert_france\/","https:\/\/www.linkedin.com\/company\/envolvert\/","https:\/\/www.youtube.com\/c\/EnvolVert"]}]}},"_links":{"self":[{"href":"https:\/\/envol-vert.org\/es\/wp-json\/wp\/v2\/campaign\/35330","targetHints":{"allow":["GET"]}}],"collection":[{"href":"https:\/\/envol-vert.org\/es\/wp-json\/wp\/v2\/campaign"}],"about":[{"href":"https:\/\/envol-vert.org\/es\/wp-json\/wp\/v2\/types\/campaign"}],"version-history":[{"count":0,"href":"https:\/\/envol-vert.org\/es\/wp-json\/wp\/v2\/campaign\/35330\/revisions"}],"wp:featuredmedia":[{"embeddable":true,"href":"https:\/\/envol-vert.org\/es\/wp-json\/wp\/v2\/media\/26345"}],"wp:attachment":[{"href":"https:\/\/envol-vert.org\/es\/wp-json\/wp\/v2\/media?parent=35330"}],"wp:term":[{"taxonomy":"camp_category","embeddable":true,"href":"https:\/\/envol-vert.org\/es\/wp-json\/wp\/v2\/camp_category?post=35330"}],"curies":[{"name":"wp","href":"https:\/\/api.w.org\/{rel}","templated":true}]}}