{"id":42047,"date":"2021-10-04T21:51:00","date_gmt":"2021-10-04T19:51:00","guid":{"rendered":"https:\/\/envol-vert.org\/?post_type=interviews&#038;p=42047"},"modified":"2021-10-04T21:51:01","modified_gmt":"2021-10-04T19:51:01","slug":"valerie-nueva-coordinadora-del-proyecto","status":"publish","type":"interviews","link":"https:\/\/envol-vert.org\/es\/etv\/valerie-nueva-coordinadora-del-proyecto\/","title":{"rendered":"Val\u00e9rie, nueva coordinadora del proyecto"},"content":{"rendered":"<div class=\"fusion-fullwidth fullwidth-box fusion-builder-row-1 fusion-flex-container nonhundred-percent-fullwidth non-hundred-percent-height-scrolling\" style=\"--awb-border-radius-top-left:0px;--awb-border-radius-top-right:0px;--awb-border-radius-bottom-right:0px;--awb-border-radius-bottom-left:0px;--awb-flex-wrap:wrap;\" ><div class=\"fusion-builder-row fusion-row fusion-flex-align-items-flex-start fusion-flex-content-wrap\" style=\"max-width:1040px;margin-left: calc(-4% \/ 2 );margin-right: calc(-4% \/ 2 );\"><div class=\"fusion-layout-column fusion_builder_column fusion-builder-column-0 fusion_builder_column_1_1 1_1 fusion-flex-column\" style=\"--awb-bg-size:cover;--awb-width-large:100%;--awb-margin-top-large:0px;--awb-spacing-right-large:1.92%;--awb-margin-bottom-large:20px;--awb-spacing-left-large:1.92%;--awb-width-medium:100%;--awb-order-medium:0;--awb-spacing-right-medium:1.92%;--awb-spacing-left-medium:1.92%;--awb-width-small:100%;--awb-order-small:0;--awb-spacing-right-small:1.92%;--awb-spacing-left-small:1.92%;\"><div class=\"fusion-column-wrapper fusion-column-has-shadow fusion-flex-justify-content-flex-start fusion-content-layout-column\"><div class=\"fusion-text fusion-text-1\"><p><span style=\"font-weight: 400;\">Hola, me llamo Val\u00e9rie Ospina Caballero, soy de origen Franco Colombiana. Futura Coordinadora de proyectos solidarios internacionales y desarrollo sostenible en la Universidad de Burdeos (Francia). Siempre me ha atra\u00eddo la diversidad \u00e9tnica y cultural de Colombia y su importante biodiversidad.<\/span><\/p>\n<p><span style=\"font-weight: 400;\">Deseando dar sentido a esto a mi compromiso profesional, me acerque hacia Envol Vert para acompa\u00f1arlos durante un a\u00f1o en unos de sus proyectos como voluntaria. Me parece importante poder involucrar a las comunidades rurales en los proyectos porque son l@s actor@s principales para un cambio mejor tanto para ellos como para sus familias y las generaciones futuras. Cada d\u00eda me hace m\u00e1s feliz poder acompa\u00f1ar a l@s beneficiari@s del proyecto y poder ver que las acciones realizadas les permiten tener un cambio positivo.<\/span><\/p>\n<p><span style=\"font-weight: 400;\">Mis jornadas de campo se caracterizan principalmente por el seguimiento del vivero comunitario con l@s beneficiari@s del proyecto, la formaci\u00f3n en educaci\u00f3n ambiental y el seguimiento de las parcelas de trigo.\u00a0<\/span><\/p>\n<p><span style=\"font-weight: 400;\">A trav\u00e9s de estos proyectos tambi\u00e9n me parece importante poder acompa\u00f1ar a las mujeres para una igualdad del acceso a los recursos productivos de la agricultura.<\/span><\/p>\n<p><span style=\"font-weight: 400;\">Con el proyecto <\/span><span style=\"font-weight: 400;\">Socot\u00e1<\/span><span style=\"font-weight: 400;\">, hay una real importancia de poder fortalecer las sinergias entre la agricultura familiar y la agroecolog\u00eda. Se est\u00e1 llevando a cabo el desarrollo de nuevas alternativas econ\u00f3micas para la comercializaci\u00f3n de los productos alimentarios (miel, harina de trigo, harina de ma\u00edz, caf\u00e9) locales de <\/span><span style=\"font-weight: 400;\">Socot\u00e1<\/span><span style=\"font-weight: 400;\">.<\/span><\/p>\n<\/div><div class=\"fusion-image-element\" style=\"text-align:center;--awb-max-width:600px;--awb-caption-title-font-family:var(--h2_typography-font-family);--awb-caption-title-font-weight:var(--h2_typography-font-weight);--awb-caption-title-font-style:var(--h2_typography-font-style);--awb-caption-title-size:var(--h2_typography-font-size);--awb-caption-title-transform:var(--h2_typography-text-transform);--awb-caption-title-line-height:var(--h2_typography-line-height);--awb-caption-title-letter-spacing:var(--h2_typography-letter-spacing);\"><span class=\" fusion-imageframe imageframe-none imageframe-1 hover-type-none\"><img decoding=\"async\" width=\"1000\" height=\"750\" title=\"portrait valerie 2\" src=\"https:\/\/envol-vert.org\/wp-content\/uploads\/2021\/10\/portrait-valerie-2-1024x768.jpg\" alt class=\"img-responsive wp-image-42046\" srcset=\"https:\/\/envol-vert.org\/wp-content\/uploads\/2021\/10\/portrait-valerie-2-200x150.jpg 200w, https:\/\/envol-vert.org\/wp-content\/uploads\/2021\/10\/portrait-valerie-2-400x300.jpg 400w, https:\/\/envol-vert.org\/wp-content\/uploads\/2021\/10\/portrait-valerie-2-600x450.jpg 600w, https:\/\/envol-vert.org\/wp-content\/uploads\/2021\/10\/portrait-valerie-2-800x600.jpg 800w, https:\/\/envol-vert.org\/wp-content\/uploads\/2021\/10\/portrait-valerie-2-1200x900.jpg 1200w, https:\/\/envol-vert.org\/wp-content\/uploads\/2021\/10\/portrait-valerie-2.jpg 1280w\" sizes=\"(max-width: 1024px) 100vw, (max-width: 640px) 100vw, 1200px\" \/><\/span><\/div><\/div><\/div><\/div><\/div>\n","protected":false},"excerpt":{"rendered":"<p>Hola, me llamo Val\u00e9rie Ospina Caballero, soy de origen Franco Colombiana y coordinadora de proyectos solidarios internacionales y desarrollo sostenible (Universidad de Burdeos, Francia)<\/p>\n","protected":false},"featured_media":42031,"template":"","interview_categories":[1822],"class_list":["post-42047","interviews","type-interviews","status-publish","has-post-thumbnail","hentry","interview_categories-proyecto-agricultura-patrimonio-socota-pisba"],"yoast_head":"<!-- This site is optimized with the Yoast SEO plugin v28.3 - https:\/\/yoast.com\/product\/yoast-seo-wordpress\/ -->\n<title>Val\u00e9rie, nueva coordinadora del proyecto - Envol Vert<\/title>\n<meta name=\"description\" content=\"Me llamo Val\u00e9rie Ospina Caballero, soy de origen Franco Colombiana y coordinadora de proyectos solidarios internacionales y desarrollo sostenible\" \/>\n<meta name=\"robots\" content=\"index, follow, max-snippet:-1, max-image-preview:large, max-video-preview:-1\" \/>\n<link rel=\"canonical\" href=\"https:\/\/envol-vert.org\/es\/etv\/valerie-nueva-coordinadora-del-proyecto\/\" \/>\n<meta property=\"og:locale\" content=\"es_ES\" \/>\n<meta property=\"og:type\" content=\"article\" \/>\n<meta property=\"og:title\" content=\"Val\u00e9rie, nueva coordinadora del proyecto - Envol Vert\" \/>\n<meta property=\"og:description\" content=\"Me llamo Val\u00e9rie Ospina Caballero, soy de origen Franco Colombiana y coordinadora de proyectos solidarios internacionales y desarrollo sostenible\" \/>\n<meta property=\"og:url\" content=\"https:\/\/envol-vert.org\/es\/etv\/valerie-nueva-coordinadora-del-proyecto\/\" \/>\n<meta property=\"og:site_name\" content=\"Envol Vert\" \/>\n<meta property=\"article:publisher\" content=\"https:\/\/www.facebook.com\/EnvolVertFrance\/\" \/>\n<meta property=\"article:modified_time\" content=\"2021-10-04T19:51:01+00:00\" \/>\n<meta property=\"og:image\" content=\"https:\/\/envol-vert.org\/wp-content\/uploads\/2021\/10\/Portrait-valerie-.jpeg\" \/>\n\t<meta property=\"og:image:width\" content=\"1300\" \/>\n\t<meta property=\"og:image:height\" content=\"975\" \/>\n\t<meta property=\"og:image:type\" content=\"image\/jpeg\" \/>\n<meta name=\"twitter:card\" content=\"summary_large_image\" \/>\n<meta name=\"twitter:site\" content=\"@Envolvert\" \/>\n<meta name=\"twitter:label1\" content=\"Tiempo de lectura\" \/>\n\t<meta name=\"twitter:data1\" content=\"3 minutes\" \/>\n<script type=\"application\/ld+json\" class=\"yoast-schema-graph\">{\"@context\":\"https:\\\/\\\/schema.org\",\"@graph\":[{\"@type\":\"WebPage\",\"@id\":\"https:\\\/\\\/envol-vert.org\\\/es\\\/etv\\\/valerie-nueva-coordinadora-del-proyecto\\\/\",\"url\":\"https:\\\/\\\/envol-vert.org\\\/es\\\/etv\\\/valerie-nueva-coordinadora-del-proyecto\\\/\",\"name\":\"Val\u00e9rie, nueva coordinadora del proyecto - Envol Vert\",\"isPartOf\":{\"@id\":\"https:\\\/\\\/envol-vert.org\\\/es\\\/#website\"},\"primaryImageOfPage\":{\"@id\":\"https:\\\/\\\/envol-vert.org\\\/es\\\/etv\\\/valerie-nueva-coordinadora-del-proyecto\\\/#primaryimage\"},\"image\":{\"@id\":\"https:\\\/\\\/envol-vert.org\\\/es\\\/etv\\\/valerie-nueva-coordinadora-del-proyecto\\\/#primaryimage\"},\"thumbnailUrl\":\"https:\\\/\\\/envol-vert.org\\\/wp-content\\\/uploads\\\/2021\\\/10\\\/Portrait-valerie-.jpeg\",\"datePublished\":\"2021-10-04T19:51:00+00:00\",\"dateModified\":\"2021-10-04T19:51:01+00:00\",\"description\":\"Me llamo Val\u00e9rie Ospina Caballero, soy de origen Franco Colombiana y coordinadora de proyectos solidarios internacionales y desarrollo sostenible\",\"breadcrumb\":{\"@id\":\"https:\\\/\\\/envol-vert.org\\\/es\\\/etv\\\/valerie-nueva-coordinadora-del-proyecto\\\/#breadcrumb\"},\"inLanguage\":\"es-ES\",\"potentialAction\":[{\"@type\":\"ReadAction\",\"target\":[\"https:\\\/\\\/envol-vert.org\\\/es\\\/etv\\\/valerie-nueva-coordinadora-del-proyecto\\\/\"]}]},{\"@type\":\"ImageObject\",\"inLanguage\":\"es-ES\",\"@id\":\"https:\\\/\\\/envol-vert.org\\\/es\\\/etv\\\/valerie-nueva-coordinadora-del-proyecto\\\/#primaryimage\",\"url\":\"https:\\\/\\\/envol-vert.org\\\/wp-content\\\/uploads\\\/2021\\\/10\\\/Portrait-valerie-.jpeg\",\"contentUrl\":\"https:\\\/\\\/envol-vert.org\\\/wp-content\\\/uploads\\\/2021\\\/10\\\/Portrait-valerie-.jpeg\",\"width\":1300,\"height\":975},{\"@type\":\"BreadcrumbList\",\"@id\":\"https:\\\/\\\/envol-vert.org\\\/es\\\/etv\\\/valerie-nueva-coordinadora-del-proyecto\\\/#breadcrumb\",\"itemListElement\":[{\"@type\":\"ListItem\",\"position\":1,\"name\":\"Accueil\",\"item\":\"https:\\\/\\\/envol-vert.org\\\/es\\\/\"},{\"@type\":\"ListItem\",\"position\":2,\"name\":\"Val\u00e9rie, nueva coordinadora del proyecto\"}]},{\"@type\":\"WebSite\",\"@id\":\"https:\\\/\\\/envol-vert.org\\\/es\\\/#website\",\"url\":\"https:\\\/\\\/envol-vert.org\\\/es\\\/\",\"name\":\"Envol Vert\",\"description\":\"La for\u00eat nous rend service, rendons le lui.\",\"publisher\":{\"@id\":\"https:\\\/\\\/envol-vert.org\\\/es\\\/#organization\"},\"potentialAction\":[{\"@type\":\"SearchAction\",\"target\":{\"@type\":\"EntryPoint\",\"urlTemplate\":\"https:\\\/\\\/envol-vert.org\\\/es\\\/?s={search_term_string}\"},\"query-input\":{\"@type\":\"PropertyValueSpecification\",\"valueRequired\":true,\"valueName\":\"search_term_string\"}}],\"inLanguage\":\"es-ES\"},{\"@type\":\"Organization\",\"@id\":\"https:\\\/\\\/envol-vert.org\\\/es\\\/#organization\",\"name\":\"Envol Vert\",\"url\":\"https:\\\/\\\/envol-vert.org\\\/es\\\/\",\"logo\":{\"@type\":\"ImageObject\",\"inLanguage\":\"es-ES\",\"@id\":\"https:\\\/\\\/envol-vert.org\\\/es\\\/#\\\/schema\\\/logo\\\/image\\\/\",\"url\":\"https:\\\/\\\/envol-vert.org\\\/wp-content\\\/uploads\\\/2021\\\/03\\\/Logo-icone-site.png\",\"contentUrl\":\"https:\\\/\\\/envol-vert.org\\\/wp-content\\\/uploads\\\/2021\\\/03\\\/Logo-icone-site.png\",\"width\":512,\"height\":512,\"caption\":\"Envol Vert\"},\"image\":{\"@id\":\"https:\\\/\\\/envol-vert.org\\\/es\\\/#\\\/schema\\\/logo\\\/image\\\/\"},\"sameAs\":[\"https:\\\/\\\/www.facebook.com\\\/EnvolVertFrance\\\/\",\"https:\\\/\\\/x.com\\\/Envolvert\",\"https:\\\/\\\/www.instagram.com\\\/envol_vert_france\\\/\",\"https:\\\/\\\/www.linkedin.com\\\/company\\\/envolvert\\\/\",\"https:\\\/\\\/www.youtube.com\\\/c\\\/EnvolVert\"]}]}<\/script>\n<!-- \/ Yoast SEO plugin. -->","yoast_head_json":{"title":"Val\u00e9rie, nueva coordinadora del proyecto - Envol Vert","description":"Me llamo Val\u00e9rie Ospina Caballero, soy de origen Franco Colombiana y coordinadora de proyectos solidarios internacionales y desarrollo sostenible","robots":{"index":"index","follow":"follow","max-snippet":"max-snippet:-1","max-image-preview":"max-image-preview:large","max-video-preview":"max-video-preview:-1"},"canonical":"https:\/\/envol-vert.org\/es\/etv\/valerie-nueva-coordinadora-del-proyecto\/","og_locale":"es_ES","og_type":"article","og_title":"Val\u00e9rie, nueva coordinadora del proyecto - Envol Vert","og_description":"Me llamo Val\u00e9rie Ospina Caballero, soy de origen Franco Colombiana y coordinadora de proyectos solidarios internacionales y desarrollo sostenible","og_url":"https:\/\/envol-vert.org\/es\/etv\/valerie-nueva-coordinadora-del-proyecto\/","og_site_name":"Envol Vert","article_publisher":"https:\/\/www.facebook.com\/EnvolVertFrance\/","article_modified_time":"2021-10-04T19:51:01+00:00","og_image":[{"width":1300,"height":975,"url":"https:\/\/envol-vert.org\/wp-content\/uploads\/2021\/10\/Portrait-valerie-.jpeg","type":"image\/jpeg"}],"twitter_card":"summary_large_image","twitter_site":"@Envolvert","twitter_misc":{"Tiempo de lectura":"3 minutes"},"schema":{"@context":"https:\/\/schema.org","@graph":[{"@type":"WebPage","@id":"https:\/\/envol-vert.org\/es\/etv\/valerie-nueva-coordinadora-del-proyecto\/","url":"https:\/\/envol-vert.org\/es\/etv\/valerie-nueva-coordinadora-del-proyecto\/","name":"Val\u00e9rie, nueva coordinadora del proyecto - Envol Vert","isPartOf":{"@id":"https:\/\/envol-vert.org\/es\/#website"},"primaryImageOfPage":{"@id":"https:\/\/envol-vert.org\/es\/etv\/valerie-nueva-coordinadora-del-proyecto\/#primaryimage"},"image":{"@id":"https:\/\/envol-vert.org\/es\/etv\/valerie-nueva-coordinadora-del-proyecto\/#primaryimage"},"thumbnailUrl":"https:\/\/envol-vert.org\/wp-content\/uploads\/2021\/10\/Portrait-valerie-.jpeg","datePublished":"2021-10-04T19:51:00+00:00","dateModified":"2021-10-04T19:51:01+00:00","description":"Me llamo Val\u00e9rie Ospina Caballero, soy de origen Franco Colombiana y coordinadora de proyectos solidarios internacionales y desarrollo sostenible","breadcrumb":{"@id":"https:\/\/envol-vert.org\/es\/etv\/valerie-nueva-coordinadora-del-proyecto\/#breadcrumb"},"inLanguage":"es-ES","potentialAction":[{"@type":"ReadAction","target":["https:\/\/envol-vert.org\/es\/etv\/valerie-nueva-coordinadora-del-proyecto\/"]}]},{"@type":"ImageObject","inLanguage":"es-ES","@id":"https:\/\/envol-vert.org\/es\/etv\/valerie-nueva-coordinadora-del-proyecto\/#primaryimage","url":"https:\/\/envol-vert.org\/wp-content\/uploads\/2021\/10\/Portrait-valerie-.jpeg","contentUrl":"https:\/\/envol-vert.org\/wp-content\/uploads\/2021\/10\/Portrait-valerie-.jpeg","width":1300,"height":975},{"@type":"BreadcrumbList","@id":"https:\/\/envol-vert.org\/es\/etv\/valerie-nueva-coordinadora-del-proyecto\/#breadcrumb","itemListElement":[{"@type":"ListItem","position":1,"name":"Accueil","item":"https:\/\/envol-vert.org\/es\/"},{"@type":"ListItem","position":2,"name":"Val\u00e9rie, nueva coordinadora del proyecto"}]},{"@type":"WebSite","@id":"https:\/\/envol-vert.org\/es\/#website","url":"https:\/\/envol-vert.org\/es\/","name":"Envol Vert","description":"La for\u00eat nous rend service, rendons le lui.","publisher":{"@id":"https:\/\/envol-vert.org\/es\/#organization"},"potentialAction":[{"@type":"SearchAction","target":{"@type":"EntryPoint","urlTemplate":"https:\/\/envol-vert.org\/es\/?s={search_term_string}"},"query-input":{"@type":"PropertyValueSpecification","valueRequired":true,"valueName":"search_term_string"}}],"inLanguage":"es-ES"},{"@type":"Organization","@id":"https:\/\/envol-vert.org\/es\/#organization","name":"Envol Vert","url":"https:\/\/envol-vert.org\/es\/","logo":{"@type":"ImageObject","inLanguage":"es-ES","@id":"https:\/\/envol-vert.org\/es\/#\/schema\/logo\/image\/","url":"https:\/\/envol-vert.org\/wp-content\/uploads\/2021\/03\/Logo-icone-site.png","contentUrl":"https:\/\/envol-vert.org\/wp-content\/uploads\/2021\/03\/Logo-icone-site.png","width":512,"height":512,"caption":"Envol Vert"},"image":{"@id":"https:\/\/envol-vert.org\/es\/#\/schema\/logo\/image\/"},"sameAs":["https:\/\/www.facebook.com\/EnvolVertFrance\/","https:\/\/x.com\/Envolvert","https:\/\/www.instagram.com\/envol_vert_france\/","https:\/\/www.linkedin.com\/company\/envolvert\/","https:\/\/www.youtube.com\/c\/EnvolVert"]}]}},"_links":{"self":[{"href":"https:\/\/envol-vert.org\/es\/wp-json\/wp\/v2\/interviews\/42047","targetHints":{"allow":["GET"]}}],"collection":[{"href":"https:\/\/envol-vert.org\/es\/wp-json\/wp\/v2\/interviews"}],"about":[{"href":"https:\/\/envol-vert.org\/es\/wp-json\/wp\/v2\/types\/interviews"}],"wp:featuredmedia":[{"embeddable":true,"href":"https:\/\/envol-vert.org\/es\/wp-json\/wp\/v2\/media\/42031"}],"wp:attachment":[{"href":"https:\/\/envol-vert.org\/es\/wp-json\/wp\/v2\/media?parent=42047"}],"wp:term":[{"taxonomy":"interview_categories","embeddable":true,"href":"https:\/\/envol-vert.org\/es\/wp-json\/wp\/v2\/interview_categories?post=42047"}],"curies":[{"name":"wp","href":"https:\/\/api.w.org\/{rel}","templated":true}]}}