{"id":32591,"date":"2020-11-25T11:24:30","date_gmt":"2020-11-25T10:24:30","guid":{"rendered":"https:\/\/bylandry.com\/envert-v2\/?post_type=partner&#038;p=32591"},"modified":"2021-03-24T18:30:08","modified_gmt":"2021-03-24T17:30:08","slug":"cooperativa-agraria-cafetalera-sostenible-valle-ubiriki","status":"publish","type":"partner","link":"https:\/\/envol-vert.org\/es\/socio\/cooperativa-agraria-cafetalera-sostenible-valle-ubiriki\/","title":{"rendered":"Cooperativa Agraria Cafetalera Sostenible Valle Ubiriki"},"content":{"rendered":"<div class=\"fusion-fullwidth fullwidth-box fusion-builder-row-1 fusion-flex-container nonhundred-percent-fullwidth non-hundred-percent-height-scrolling\" style=\"--awb-border-radius-top-left:0px;--awb-border-radius-top-right:0px;--awb-border-radius-bottom-right:0px;--awb-border-radius-bottom-left:0px;--awb-flex-wrap:wrap;\" ><div class=\"fusion-builder-row fusion-row fusion-flex-align-items-flex-start fusion-flex-content-wrap\" style=\"max-width:1040px;margin-left: calc(-4% \/ 2 );margin-right: calc(-4% \/ 2 );\"><div class=\"fusion-layout-column fusion_builder_column fusion-builder-column-0 fusion_builder_column_1_3 1_3 fusion-flex-column fusion-flex-align-self-center\" style=\"--awb-bg-size:cover;--awb-width-large:33.333333333333%;--awb-margin-top-large:0px;--awb-spacing-right-large:5.76%;--awb-margin-bottom-large:0px;--awb-spacing-left-large:5.76%;--awb-width-medium:100%;--awb-order-medium:0;--awb-spacing-right-medium:1.92%;--awb-spacing-left-medium:1.92%;--awb-width-small:100%;--awb-order-small:0;--awb-spacing-right-small:1.92%;--awb-spacing-left-small:1.92%;\"><div class=\"fusion-column-wrapper fusion-column-has-shadow fusion-flex-justify-content-center fusion-content-layout-column\"><div class=\"fusion-image-element md-text-align-center\" style=\"text-align:left;--awb-max-width:300px;--awb-caption-title-font-family:var(--h2_typography-font-family);--awb-caption-title-font-weight:var(--h2_typography-font-weight);--awb-caption-title-font-style:var(--h2_typography-font-style);--awb-caption-title-size:var(--h2_typography-font-size);--awb-caption-title-transform:var(--h2_typography-text-transform);--awb-caption-title-line-height:var(--h2_typography-line-height);--awb-caption-title-letter-spacing:var(--h2_typography-letter-spacing);\"><span class=\" fusion-imageframe imageframe-none imageframe-1 hover-type-none\" style=\"border:7px solid #076633;\"><img decoding=\"async\" width=\"500\" height=\"500\" title=\"cooperative-agraire\" src=\"https:\/\/envol-vert.org\/wp-content\/uploads\/2020\/08\/cooperative-agraire.jpg\" alt class=\"img-responsive wp-image-31218\" srcset=\"https:\/\/envol-vert.org\/wp-content\/uploads\/2020\/08\/cooperative-agraire-200x200.jpg 200w, https:\/\/envol-vert.org\/wp-content\/uploads\/2020\/08\/cooperative-agraire-400x400.jpg 400w, https:\/\/envol-vert.org\/wp-content\/uploads\/2020\/08\/cooperative-agraire.jpg 500w\" sizes=\"(max-width: 1024px) 100vw, (max-width: 640px) 100vw, 400px\" \/><\/span><\/div><\/div><\/div><div class=\"fusion-layout-column fusion_builder_column fusion-builder-column-1 fusion_builder_column_2_3 2_3 fusion-flex-column fusion-flex-align-self-flex-start\" style=\"--awb-bg-size:cover;--awb-width-large:66.666666666667%;--awb-margin-top-large:0px;--awb-spacing-right-large:2.88%;--awb-margin-bottom-large:0px;--awb-spacing-left-large:2.88%;--awb-width-medium:100%;--awb-order-medium:0;--awb-spacing-right-medium:1.92%;--awb-spacing-left-medium:1.92%;--awb-width-small:100%;--awb-order-small:0;--awb-spacing-right-small:1.92%;--awb-spacing-left-small:1.92%;\"><div class=\"fusion-column-wrapper fusion-column-has-shadow fusion-flex-justify-content-flex-start fusion-content-layout-column\"><div class=\"fusion-text fusion-text-1\" id=\"blockdescription\"><p style=\"text-align: left;\">La<a href=\"https:\/\/acpcperu.org\/\"><strong> Asociaci\u00f3n Agraria Cafetalera ACPC <\/strong><strong>Pichanaki<\/strong><\/a>, constituida en mayo del a\u00f1o 2000, y <strong><a href=\"https:\/\/ubiriki.com.pe\/wordpress\/nuestra-historia\">la Cooperativa Agraria Caf\u00e9talera Sostenible Valle Ubiriki<\/a> <\/strong>creada en 2004, son dos de las grandes cooperativas de caf\u00e9 de Pichanaki. Cada una incluye m\u00e1s de 300 productores con un promedio total de 2000 hect\u00e1reas. Han participado activamente en la creaci\u00f3n del proyecto, y tienen cada una de ellas las certificaciones de comercio justo y de producci\u00f3n org\u00e1nica.<\/p>\n<\/div><div class=\"fusion-text fusion-text-2\"><h4>Proyecto asociado :<\/h4>\n<\/div><ul style=\"--awb-line-height:23.8px;--awb-icon-width:23.8px;--awb-icon-height:23.8px;--awb-icon-margin:9.8px;--awb-content-margin:33.6px;--awb-circlecolor:#d8d8d8;--awb-circle-yes-font-size:12.32px;\" class=\"fusion-checklist fusion-checklist-1 fusion-checklist-default type-icons\"><li class=\"fusion-li-item\" style=\"\"><span class=\"icon-wrapper circle-yes\"><i class=\"fusion-li-icon fa-link fas\" aria-hidden=\"true\"><\/i><\/span><div class=\"fusion-li-item-content\">\n<p><span data-sheets-value=\"{\" data-sheets-userformat=\"{\">Programa Caf\u00e9 y Cacao en agroforester\u00eda en la Amazon\u00eda, Per\u00fa<\/span><\/p>\n<\/div><\/li><\/ul><\/div><\/div><div class=\"fusion-layout-column fusion_builder_column fusion-builder-column-2 fusion_builder_column_1_3 1_3 fusion-flex-column fusion-flex-align-self-center\" style=\"--awb-bg-size:cover;--awb-width-large:33.333333333333%;--awb-margin-top-large:0px;--awb-spacing-right-large:5.76%;--awb-margin-bottom-large:20px;--awb-spacing-left-large:5.76%;--awb-width-medium:100%;--awb-order-medium:0;--awb-spacing-right-medium:1.92%;--awb-spacing-left-medium:1.92%;--awb-width-small:100%;--awb-order-small:0;--awb-spacing-right-small:1.92%;--awb-spacing-left-small:1.92%;\"><div class=\"fusion-column-wrapper fusion-column-has-shadow fusion-flex-justify-content-center fusion-content-layout-column\"><\/div><\/div><div class=\"fusion-layout-column fusion_builder_column fusion-builder-column-3 fusion_builder_column_2_3 2_3 fusion-flex-column fusion-flex-align-self-flex-start\" style=\"--awb-bg-size:cover;--awb-width-large:66.666666666667%;--awb-margin-top-large:0px;--awb-spacing-right-large:2.88%;--awb-margin-bottom-large:20px;--awb-spacing-left-large:2.88%;--awb-width-medium:100%;--awb-order-medium:0;--awb-spacing-right-medium:1.92%;--awb-spacing-left-medium:1.92%;--awb-width-small:100%;--awb-order-small:0;--awb-spacing-right-small:1.92%;--awb-spacing-left-small:1.92%;\"><div class=\"fusion-column-wrapper fusion-column-has-shadow fusion-flex-justify-content-center fusion-content-layout-column\"><\/div><\/div><\/div><\/div>\n","protected":false},"featured_media":31218,"template":"","partner_category":[1466],"class_list":["post-32591","partner","type-partner","status-publish","has-post-thumbnail","hentry","partner_category-socios-locales"],"yoast_head":"<!-- This site is optimized with the Yoast SEO plugin v28.3 - https:\/\/yoast.com\/product\/yoast-seo-wordpress\/ -->\n<title>Cooperativa Agraria Cafetalera Sostenible Valle Ubiriki - Envol Vert<\/title>\n<meta name=\"robots\" content=\"index, follow, max-snippet:-1, max-image-preview:large, max-video-preview:-1\" \/>\n<link rel=\"canonical\" href=\"https:\/\/envol-vert.org\/es\/socio\/cooperativa-agraria-cafetalera-sostenible-valle-ubiriki\/\" \/>\n<meta property=\"og:locale\" content=\"es_ES\" \/>\n<meta property=\"og:type\" content=\"article\" \/>\n<meta property=\"og:title\" content=\"Cooperativa Agraria Cafetalera Sostenible Valle Ubiriki - Envol Vert\" \/>\n<meta property=\"og:url\" content=\"https:\/\/envol-vert.org\/es\/socio\/cooperativa-agraria-cafetalera-sostenible-valle-ubiriki\/\" \/>\n<meta property=\"og:site_name\" content=\"Envol Vert\" \/>\n<meta property=\"article:publisher\" content=\"https:\/\/www.facebook.com\/EnvolVertFrance\/\" \/>\n<meta property=\"article:modified_time\" content=\"2021-03-24T17:30:08+00:00\" \/>\n<meta property=\"og:image\" content=\"https:\/\/envol-vert.org\/wp-content\/uploads\/2020\/08\/cooperative-agraire.jpg\" \/>\n\t<meta property=\"og:image:width\" content=\"500\" \/>\n\t<meta property=\"og:image:height\" content=\"500\" \/>\n\t<meta property=\"og:image:type\" content=\"image\/jpeg\" \/>\n<meta name=\"twitter:card\" content=\"summary_large_image\" \/>\n<meta name=\"twitter:site\" content=\"@Envolvert\" \/>\n<meta name=\"twitter:label1\" content=\"Tiempo de lectura\" \/>\n\t<meta name=\"twitter:data1\" content=\"9 minutes\" \/>\n<script type=\"application\/ld+json\" class=\"yoast-schema-graph\">{\"@context\":\"https:\\\/\\\/schema.org\",\"@graph\":[{\"@type\":\"WebPage\",\"@id\":\"https:\\\/\\\/envol-vert.org\\\/es\\\/socio\\\/cooperativa-agraria-cafetalera-sostenible-valle-ubiriki\\\/\",\"url\":\"https:\\\/\\\/envol-vert.org\\\/es\\\/socio\\\/cooperativa-agraria-cafetalera-sostenible-valle-ubiriki\\\/\",\"name\":\"Cooperativa Agraria Cafetalera Sostenible Valle Ubiriki - Envol Vert\",\"isPartOf\":{\"@id\":\"https:\\\/\\\/envol-vert.org\\\/es\\\/#website\"},\"primaryImageOfPage\":{\"@id\":\"https:\\\/\\\/envol-vert.org\\\/es\\\/socio\\\/cooperativa-agraria-cafetalera-sostenible-valle-ubiriki\\\/#primaryimage\"},\"image\":{\"@id\":\"https:\\\/\\\/envol-vert.org\\\/es\\\/socio\\\/cooperativa-agraria-cafetalera-sostenible-valle-ubiriki\\\/#primaryimage\"},\"thumbnailUrl\":\"https:\\\/\\\/envol-vert.org\\\/wp-content\\\/uploads\\\/2020\\\/08\\\/cooperative-agraire.jpg\",\"datePublished\":\"2020-11-25T10:24:30+00:00\",\"dateModified\":\"2021-03-24T17:30:08+00:00\",\"breadcrumb\":{\"@id\":\"https:\\\/\\\/envol-vert.org\\\/es\\\/socio\\\/cooperativa-agraria-cafetalera-sostenible-valle-ubiriki\\\/#breadcrumb\"},\"inLanguage\":\"es-ES\",\"potentialAction\":[{\"@type\":\"ReadAction\",\"target\":[\"https:\\\/\\\/envol-vert.org\\\/es\\\/socio\\\/cooperativa-agraria-cafetalera-sostenible-valle-ubiriki\\\/\"]}]},{\"@type\":\"ImageObject\",\"inLanguage\":\"es-ES\",\"@id\":\"https:\\\/\\\/envol-vert.org\\\/es\\\/socio\\\/cooperativa-agraria-cafetalera-sostenible-valle-ubiriki\\\/#primaryimage\",\"url\":\"https:\\\/\\\/envol-vert.org\\\/wp-content\\\/uploads\\\/2020\\\/08\\\/cooperative-agraire.jpg\",\"contentUrl\":\"https:\\\/\\\/envol-vert.org\\\/wp-content\\\/uploads\\\/2020\\\/08\\\/cooperative-agraire.jpg\",\"width\":500,\"height\":500},{\"@type\":\"BreadcrumbList\",\"@id\":\"https:\\\/\\\/envol-vert.org\\\/es\\\/socio\\\/cooperativa-agraria-cafetalera-sostenible-valle-ubiriki\\\/#breadcrumb\",\"itemListElement\":[{\"@type\":\"ListItem\",\"position\":1,\"name\":\"Accueil\",\"item\":\"https:\\\/\\\/envol-vert.org\\\/es\\\/\"},{\"@type\":\"ListItem\",\"position\":2,\"name\":\"Cooperativa Agraria Cafetalera Sostenible Valle Ubiriki\"}]},{\"@type\":\"WebSite\",\"@id\":\"https:\\\/\\\/envol-vert.org\\\/es\\\/#website\",\"url\":\"https:\\\/\\\/envol-vert.org\\\/es\\\/\",\"name\":\"Envol Vert\",\"description\":\"La for\u00eat nous rend service, rendons le lui.\",\"publisher\":{\"@id\":\"https:\\\/\\\/envol-vert.org\\\/es\\\/#organization\"},\"potentialAction\":[{\"@type\":\"SearchAction\",\"target\":{\"@type\":\"EntryPoint\",\"urlTemplate\":\"https:\\\/\\\/envol-vert.org\\\/es\\\/?s={search_term_string}\"},\"query-input\":{\"@type\":\"PropertyValueSpecification\",\"valueRequired\":true,\"valueName\":\"search_term_string\"}}],\"inLanguage\":\"es-ES\"},{\"@type\":\"Organization\",\"@id\":\"https:\\\/\\\/envol-vert.org\\\/es\\\/#organization\",\"name\":\"Envol Vert\",\"url\":\"https:\\\/\\\/envol-vert.org\\\/es\\\/\",\"logo\":{\"@type\":\"ImageObject\",\"inLanguage\":\"es-ES\",\"@id\":\"https:\\\/\\\/envol-vert.org\\\/es\\\/#\\\/schema\\\/logo\\\/image\\\/\",\"url\":\"https:\\\/\\\/envol-vert.org\\\/wp-content\\\/uploads\\\/2021\\\/03\\\/Logo-icone-site.png\",\"contentUrl\":\"https:\\\/\\\/envol-vert.org\\\/wp-content\\\/uploads\\\/2021\\\/03\\\/Logo-icone-site.png\",\"width\":512,\"height\":512,\"caption\":\"Envol Vert\"},\"image\":{\"@id\":\"https:\\\/\\\/envol-vert.org\\\/es\\\/#\\\/schema\\\/logo\\\/image\\\/\"},\"sameAs\":[\"https:\\\/\\\/www.facebook.com\\\/EnvolVertFrance\\\/\",\"https:\\\/\\\/x.com\\\/Envolvert\",\"https:\\\/\\\/www.instagram.com\\\/envol_vert_france\\\/\",\"https:\\\/\\\/www.linkedin.com\\\/company\\\/envolvert\\\/\",\"https:\\\/\\\/www.youtube.com\\\/c\\\/EnvolVert\"]}]}<\/script>\n<!-- \/ Yoast SEO plugin. -->","yoast_head_json":{"title":"Cooperativa Agraria Cafetalera Sostenible Valle Ubiriki - Envol Vert","robots":{"index":"index","follow":"follow","max-snippet":"max-snippet:-1","max-image-preview":"max-image-preview:large","max-video-preview":"max-video-preview:-1"},"canonical":"https:\/\/envol-vert.org\/es\/socio\/cooperativa-agraria-cafetalera-sostenible-valle-ubiriki\/","og_locale":"es_ES","og_type":"article","og_title":"Cooperativa Agraria Cafetalera Sostenible Valle Ubiriki - Envol Vert","og_url":"https:\/\/envol-vert.org\/es\/socio\/cooperativa-agraria-cafetalera-sostenible-valle-ubiriki\/","og_site_name":"Envol Vert","article_publisher":"https:\/\/www.facebook.com\/EnvolVertFrance\/","article_modified_time":"2021-03-24T17:30:08+00:00","og_image":[{"width":500,"height":500,"url":"https:\/\/envol-vert.org\/wp-content\/uploads\/2020\/08\/cooperative-agraire.jpg","type":"image\/jpeg"}],"twitter_card":"summary_large_image","twitter_site":"@Envolvert","twitter_misc":{"Tiempo de lectura":"9 minutes"},"schema":{"@context":"https:\/\/schema.org","@graph":[{"@type":"WebPage","@id":"https:\/\/envol-vert.org\/es\/socio\/cooperativa-agraria-cafetalera-sostenible-valle-ubiriki\/","url":"https:\/\/envol-vert.org\/es\/socio\/cooperativa-agraria-cafetalera-sostenible-valle-ubiriki\/","name":"Cooperativa Agraria Cafetalera Sostenible Valle Ubiriki - Envol Vert","isPartOf":{"@id":"https:\/\/envol-vert.org\/es\/#website"},"primaryImageOfPage":{"@id":"https:\/\/envol-vert.org\/es\/socio\/cooperativa-agraria-cafetalera-sostenible-valle-ubiriki\/#primaryimage"},"image":{"@id":"https:\/\/envol-vert.org\/es\/socio\/cooperativa-agraria-cafetalera-sostenible-valle-ubiriki\/#primaryimage"},"thumbnailUrl":"https:\/\/envol-vert.org\/wp-content\/uploads\/2020\/08\/cooperative-agraire.jpg","datePublished":"2020-11-25T10:24:30+00:00","dateModified":"2021-03-24T17:30:08+00:00","breadcrumb":{"@id":"https:\/\/envol-vert.org\/es\/socio\/cooperativa-agraria-cafetalera-sostenible-valle-ubiriki\/#breadcrumb"},"inLanguage":"es-ES","potentialAction":[{"@type":"ReadAction","target":["https:\/\/envol-vert.org\/es\/socio\/cooperativa-agraria-cafetalera-sostenible-valle-ubiriki\/"]}]},{"@type":"ImageObject","inLanguage":"es-ES","@id":"https:\/\/envol-vert.org\/es\/socio\/cooperativa-agraria-cafetalera-sostenible-valle-ubiriki\/#primaryimage","url":"https:\/\/envol-vert.org\/wp-content\/uploads\/2020\/08\/cooperative-agraire.jpg","contentUrl":"https:\/\/envol-vert.org\/wp-content\/uploads\/2020\/08\/cooperative-agraire.jpg","width":500,"height":500},{"@type":"BreadcrumbList","@id":"https:\/\/envol-vert.org\/es\/socio\/cooperativa-agraria-cafetalera-sostenible-valle-ubiriki\/#breadcrumb","itemListElement":[{"@type":"ListItem","position":1,"name":"Accueil","item":"https:\/\/envol-vert.org\/es\/"},{"@type":"ListItem","position":2,"name":"Cooperativa Agraria Cafetalera Sostenible Valle Ubiriki"}]},{"@type":"WebSite","@id":"https:\/\/envol-vert.org\/es\/#website","url":"https:\/\/envol-vert.org\/es\/","name":"Envol Vert","description":"La for\u00eat nous rend service, rendons le lui.","publisher":{"@id":"https:\/\/envol-vert.org\/es\/#organization"},"potentialAction":[{"@type":"SearchAction","target":{"@type":"EntryPoint","urlTemplate":"https:\/\/envol-vert.org\/es\/?s={search_term_string}"},"query-input":{"@type":"PropertyValueSpecification","valueRequired":true,"valueName":"search_term_string"}}],"inLanguage":"es-ES"},{"@type":"Organization","@id":"https:\/\/envol-vert.org\/es\/#organization","name":"Envol Vert","url":"https:\/\/envol-vert.org\/es\/","logo":{"@type":"ImageObject","inLanguage":"es-ES","@id":"https:\/\/envol-vert.org\/es\/#\/schema\/logo\/image\/","url":"https:\/\/envol-vert.org\/wp-content\/uploads\/2021\/03\/Logo-icone-site.png","contentUrl":"https:\/\/envol-vert.org\/wp-content\/uploads\/2021\/03\/Logo-icone-site.png","width":512,"height":512,"caption":"Envol Vert"},"image":{"@id":"https:\/\/envol-vert.org\/es\/#\/schema\/logo\/image\/"},"sameAs":["https:\/\/www.facebook.com\/EnvolVertFrance\/","https:\/\/x.com\/Envolvert","https:\/\/www.instagram.com\/envol_vert_france\/","https:\/\/www.linkedin.com\/company\/envolvert\/","https:\/\/www.youtube.com\/c\/EnvolVert"]}]}},"_links":{"self":[{"href":"https:\/\/envol-vert.org\/es\/wp-json\/wp\/v2\/partner\/32591","targetHints":{"allow":["GET"]}}],"collection":[{"href":"https:\/\/envol-vert.org\/es\/wp-json\/wp\/v2\/partner"}],"about":[{"href":"https:\/\/envol-vert.org\/es\/wp-json\/wp\/v2\/types\/partner"}],"wp:attachment":[{"href":"https:\/\/envol-vert.org\/es\/wp-json\/wp\/v2\/media?parent=32591"}],"wp:term":[{"taxonomy":"partner_category","embeddable":true,"href":"https:\/\/envol-vert.org\/es\/wp-json\/wp\/v2\/partner_category?post=32591"}],"curies":[{"name":"wp","href":"https:\/\/api.w.org\/{rel}","templated":true}]}}