{"id":41438,"date":"2021-09-24T19:59:47","date_gmt":"2021-09-24T17:59:47","guid":{"rendered":"https:\/\/envol-vert.org\/?post_type=project&#038;p=41438"},"modified":"2025-08-09T18:46:33","modified_gmt":"2025-08-09T16:46:33","slug":"proyecto-seve-silvicultura-etica","status":"publish","type":"project","link":"https:\/\/envol-vert.org\/es\/pro\/proyecto-seve-silvicultura-etica\/","title":{"rendered":"Proyecto SEVE : Silvicultura \u00e9tica, viva y comprometida"},"content":{"rendered":"<p><div class=\"fusion-fullwidth fullwidth-box fusion-builder-row-1 fusion-flex-container nonhundred-percent-fullwidth non-hundred-percent-height-scrolling\" style=\"--awb-border-radius-top-left:0px;--awb-border-radius-top-right:0px;--awb-border-radius-bottom-right:0px;--awb-border-radius-bottom-left:0px;--awb-padding-top:2%;--awb-background-color:#3aaa35;--awb-flex-wrap:wrap;\" ><div class=\"fusion-builder-row fusion-row fusion-flex-align-items-flex-start fusion-flex-content-wrap\" style=\"max-width:1040px;margin-left: calc(-4% \/ 2 );margin-right: calc(-4% \/ 2 );\"><div class=\"fusion-layout-column fusion_builder_column fusion-builder-column-0 fusion_builder_column_1_3 1_3 fusion-flex-column fusion-flex-align-self-center\" style=\"--awb-bg-size:cover;--awb-width-large:33.333333333333%;--awb-margin-top-large:0px;--awb-spacing-right-large:5.76%;--awb-margin-bottom-large:0px;--awb-spacing-left-large:5.76%;--awb-width-medium:100%;--awb-order-medium:0;--awb-spacing-right-medium:1.92%;--awb-spacing-left-medium:1.92%;--awb-width-small:100%;--awb-order-small:0;--awb-spacing-right-small:1.92%;--awb-spacing-left-small:1.92%;\"><div class=\"fusion-column-wrapper fusion-column-has-shadow fusion-flex-justify-content-center fusion-content-layout-column\"><a class=\"fusion-one-page-text-link\" id=\"submenu-2\" href=\"#immersion\">\n<p style=\"text-align: center;\">EXPLORACI\u00d3N<\/p>\n<\/a><\/div><\/div><div class=\"fusion-layout-column fusion_builder_column fusion-builder-column-1 fusion_builder_column_1_3 1_3 fusion-flex-column fusion-flex-align-self-center\" style=\"--awb-bg-size:cover;--awb-width-large:33.333333333333%;--awb-margin-top-large:0px;--awb-spacing-right-large:5.76%;--awb-margin-bottom-large:0px;--awb-spacing-left-large:5.76%;--awb-width-medium:100%;--awb-order-medium:0;--awb-spacing-right-medium:1.92%;--awb-spacing-left-medium:1.92%;--awb-width-small:100%;--awb-order-small:0;--awb-spacing-right-small:1.92%;--awb-spacing-left-small:1.92%;\"><div class=\"fusion-column-wrapper fusion-column-has-shadow fusion-flex-justify-content-center fusion-content-layout-column\"><a class=\"fusion-one-page-text-link\" id=\"submenu-2\" href=\"#actualit\u00e9\">\n<p style=\"text-align: center;\">ACTUALIDADES<\/p>\n<\/a><\/div><\/div><div class=\"fusion-layout-column fusion_builder_column fusion-builder-column-2 fusion_builder_column_1_3 1_3 fusion-flex-column fusion-flex-align-self-center\" style=\"--awb-bg-size:cover;--awb-width-large:33.333333333333%;--awb-margin-top-large:0px;--awb-spacing-right-large:5.76%;--awb-margin-bottom-large:0px;--awb-spacing-left-large:5.76%;--awb-width-medium:100%;--awb-order-medium:0;--awb-spacing-right-medium:1.92%;--awb-spacing-left-medium:1.92%;--awb-width-small:100%;--awb-order-small:0;--awb-spacing-right-small:1.92%;--awb-spacing-left-small:1.92%;\"><div class=\"fusion-column-wrapper fusion-column-has-shadow fusion-flex-justify-content-center fusion-content-layout-column\"><a class=\"fusion-one-page-text-link\" id=\"submenu-2\" href=\"#biodiversit\u00e9\">\n<p style=\"text-align: center;\">BIODIVERSIDAD<\/p>\n<\/a><\/div><\/div><\/div><\/div><div id=\"intro\" class=\"fusion-container-anchor\"><div class=\"fusion-fullwidth fullwidth-box fusion-builder-row-2 nonhundred-percent-fullwidth non-hundred-percent-height-scrolling\" style=\"--awb-border-radius-top-left:0px;--awb-border-radius-top-right:0px;--awb-border-radius-bottom-right:0px;--awb-border-radius-bottom-left:0px;--awb-margin-top:3%;--awb-margin-bottom:5%;--awb-flex-wrap:wrap;\" ><div class=\"fusion-builder-row fusion-row\"><div class=\"fusion-layout-column fusion_builder_column fusion-builder-column-3 fusion_builder_column_1_2 1_2 fusion-one-half fusion-column-first\" style=\"--awb-padding-top:3%;--awb-padding-bottom:3%;--awb-bg-size:cover;width:50%;width:calc(50% - ( ( 4% ) * 0.5 ) );margin-right: 4%;\"><div class=\"fusion-column-wrapper fusion-column-has-shadow fusion-flex-column-wrapper-legacy\"><div class=\"fusion-text fusion-text-1\"><h4 class=\"p1\"><span class=\"s1\"><span style=\"color: #008000;\"><b>El proyecto SEVE, por una silvicultura \u00e9tica, viva y comprometida, tiene como objetivo de implicar a los ciudadanos en la gesti\u00f3n sostenible de los bosques, apoyar a los propietarios forestales y revitalizar el sector de la madera artesanal en el Haut-Languedoc (Francia).<\/b><\/span><\/span><\/h4>\n<\/div><div class=\"fusion-text fusion-text-2\"><p>Consciente de la riqueza de los bosques del Haut-Languedoc, la asociaci\u00f3n Envol Vert pone en marcha este proyecto en 2021 con el doble objetivo de desarrollar una silvicultura multifuncional y resistente en la cual participen los ciudadanos y de desarrollar la industria local de madera artesanal.<\/p>\n<\/div><div class=\"fusion-fa-align-center\"><i class=\"fb-icon-element-1 fb-icon-element fontawesome-icon fa-tree fas circle-yes\" style=\"--awb-circlecolor:#076633;--awb-circlecolor-hover:#076633;--awb-circlebordersize:0px;--awb-font-size:44px;--awb-width:88px;--awb-height:88px;--awb-line-height:88px;\"><\/i><\/div><div class=\"fusion-clearfix\"><\/div><\/div><\/div><div class=\"fusion-layout-column fusion_builder_column fusion-builder-column-4 fusion_builder_column_1_2 1_2 fusion-one-half fusion-column-last\" style=\"--awb-padding-top:3%;--awb-padding-bottom:3%;--awb-bg-size:cover;width:50%;width:calc(50% - ( ( 4% ) * 0.5 ) );\"><div class=\"fusion-column-wrapper fusion-column-has-shadow fusion-flex-column-wrapper-legacy\"><div class=\"fusion-text fusion-text-3\"><p>En este contexto, Envol Vert tiene previsto :<\/p>\n<\/div><ul style=\"--awb-iconcolor:#ea773d;--awb-line-height:23.8px;--awb-icon-width:23.8px;--awb-icon-height:23.8px;--awb-icon-margin:9.8px;--awb-content-margin:33.6px;\" class=\"fusion-checklist fusion-checklist-1 fusion-checklist-default type-icons\"><li class=\"fusion-li-item\" style=\"\"><span class=\"icon-wrapper circle-no\"><i class=\"fusion-li-icon fa-angle-right fas\" aria-hidden=\"true\"><\/i><\/span><div class=\"fusion-li-item-content\">\n<p>La creaci\u00f3n y la la animaci\u00f3n de un grupo de propietarios forestales voluntarios para valorizar sus bosques, tanto econ\u00f3micamente como por los dem\u00e1s servicios \u2013 sociales, medioambientales y educativos \u2013 que pueden ofrecer;<\/p>\n<\/div><\/li><li class=\"fusion-li-item\" style=\"\"><span class=\"icon-wrapper circle-no\"><i class=\"fusion-li-icon fa-angle-right fas\" aria-hidden=\"true\"><\/i><\/span><div class=\"fusion-li-item-content\">\n<p>La coordinaci\u00f3n del sector de la madera artesanal para hacerlo m\u00e1s accesible a los futuros constructores y dinamizarlo;<\/p>\n<\/div><\/li><li class=\"fusion-li-item\" style=\"\"><span class=\"icon-wrapper circle-no\"><i class=\"fusion-li-icon fa-angle-right fas\" aria-hidden=\"true\"><\/i><\/span><div class=\"fusion-li-item-content\">\n<p>La constituci\u00f3n y el apoyo de un Grupo Forestal Ciudadano basado en la gobernanza participativa. La ayuda financiera y la formaci\u00f3n proporcionadas permitir\u00e1n la compra y la gesti\u00f3n sostenible de las parcelas forestales;<\/p>\n<\/div><\/li><li class=\"fusion-li-item\" style=\"\"><span class=\"icon-wrapper circle-no\"><i class=\"fusion-li-icon fa-angle-right fas\" aria-hidden=\"true\"><\/i><\/span><div class=\"fusion-li-item-content\">La sensibilizaci\u00f3n del p\u00fablico en general y de los alumnos mediante la organizaci\u00f3n de actividades para descubrir y preservar los bosques: paseos educativos, encuentros con profesionales de la industria de la maderera, talleres, etc;<\/div><\/li><\/ul><div class=\"fusion-clearfix\"><\/div><\/div><\/div><div class=\"fusion-layout-column fusion_builder_column fusion-builder-column-5 fusion_builder_column_1_1 1_1 fusion-one-full fusion-column-first fusion-column-last\" style=\"--awb-padding-top:2%;--awb-padding-right:3%;--awb-padding-left:3%;--awb-bg-color:#3aaa35;--awb-bg-color-hover:#3aaa35;--awb-bg-size:cover;--awb-margin-bottom:0px;\"><div class=\"fusion-column-wrapper fusion-column-has-shadow fusion-flex-column-wrapper-legacy\"><div class=\"fusion-menu-anchor\" id=\"immersion\"><\/div><div class=\"fusion-text fusion-text-4\"><h3 class=\"p1\" style=\"text-align: center;\"><span style=\"color: #ffffff;\"><strong>Exploraci\u00f3n del proyecto \u00abSEVE\u00bb<\/strong><\/span><\/h3>\n<\/div><div class=\"fusion-builder-row fusion-builder-row-inner fusion-row\"><div class=\"fusion-layout-column fusion_builder_column_inner fusion-builder-nested-column-0 fusion_builder_column_inner_1_2 1_2 fusion-one-half fusion-column-first\" style=\"--awb-bg-size:cover;--awb-margin-bottom:0px;width:50%;width:calc(50% - ( ( 4% ) * 0.5 ) );margin-right: 4%;\"><div class=\"fusion-column-wrapper fusion-column-has-shadow fusion-flex-column-wrapper-legacy\"><div class=\"fusion-video fusion-youtube fusion-aligncenter\" style=\"--awb-max-width:450px;--awb-max-height:300px;--awb-width:100%;\"><div class=\"video-shortcode\"><div class=\"fluid-width-video-wrapper\" style=\"padding-top:66.67%;\" ><iframe title=\"YouTube video player 1\" src=\"https:\/\/www.youtube.com\/embed\/UG69EYFiWO4?wmode=transparent&autoplay=0\" width=\"450\" height=\"300\" allowfullscreen allow=\"autoplay; clipboard-write; encrypted-media; gyroscope; picture-in-picture;\"><\/iframe><\/div><\/div><\/div><div class=\"fusion-sep-clear\"><\/div><div class=\"fusion-separator fusion-full-width-sep\" style=\"margin-left: auto;margin-right: auto;margin-top:2%;margin-bottom:3%;width:100%;\"><div class=\"fusion-separator-border sep-single sep-solid\" style=\"--awb-height:20px;--awb-amount:20px;--awb-sep-color:#ffffff;border-color:#ffffff;border-top-width:1px;\"><\/div><\/div><div class=\"fusion-sep-clear\"><\/div><div class=\"fusion-text fusion-text-5\"><p style=\"text-align: center;\"><span style=\"color: #ffffff;\">Presentaci\u00f3n de nuestro proyecto SEVE, por una silvicultura \u00e9tica, viva y comprometida<\/span><\/p>\n<\/div><div class=\"fusion-clearfix\"><\/div><\/div><\/div><div class=\"fusion-layout-column fusion_builder_column_inner fusion-builder-nested-column-1 fusion_builder_column_inner_1_2 1_2 fusion-one-half fusion-column-last\" style=\"--awb-bg-size:cover;--awb-margin-bottom:0px;width:50%;width:calc(50% - ( ( 4% ) * 0.5 ) );\"><div class=\"fusion-column-wrapper fusion-column-has-shadow fusion-flex-column-wrapper-legacy\"><div class=\"fusion-text fusion-text-6\"><p>[put_wpgm id=5]<\/p>\n<\/div><div class=\"fusion-sep-clear\"><\/div><div class=\"fusion-separator fusion-full-width-sep\" style=\"margin-left: auto;margin-right: auto;margin-top:0%;margin-bottom:3%;width:100%;\"><div class=\"fusion-separator-border sep-single sep-solid\" style=\"--awb-height:20px;--awb-amount:20px;--awb-sep-color:#ffffff;border-color:#ffffff;border-top-width:1px;\"><\/div><\/div><div class=\"fusion-sep-clear\"><\/div><div class=\"fusion-text fusion-text-7\"><p style=\"text-align: center;\"><span style=\"color: #ffffff;\">Haga clic en el mapa interactivo para descubrir el parque regional del Haut-Languedoc<\/span><\/p>\n<\/div><div class=\"fusion-clearfix\"><\/div><\/div><\/div><\/div><div class=\"fusion-clearfix\"><\/div><\/div><\/div><\/div><\/div><\/div><div id=\"actualit\u00e9\" class=\"fusion-container-anchor\"><div class=\"fusion-fullwidth fullwidth-box fusion-builder-row-3 fusion-flex-container hundred-percent-fullwidth non-hundred-percent-height-scrolling\" style=\"--awb-border-radius-top-left:0px;--awb-border-radius-top-right:0px;--awb-border-radius-bottom-right:0px;--awb-border-radius-bottom-left:0px;--awb-padding-top:3%;--awb-padding-right:10%;--awb-padding-left:10%;--awb-background-color:#d3f4d0;--awb-flex-wrap:wrap;\" ><div class=\"fusion-builder-row fusion-row fusion-flex-align-items-stretch fusion-flex-content-wrap\" style=\"width:104% !important;max-width:104% !important;margin-left: calc(-4% \/ 2 );margin-right: calc(-4% \/ 2 );\"><div class=\"fusion-layout-column fusion_builder_column fusion-builder-column-6 fusion_builder_column_1_1 1_1 fusion-flex-column fusion-flex-align-self-flex-start\" style=\"--awb-padding-top:5%;--awb-padding-right:5%;--awb-padding-left:5%;--awb-bg-size:cover;--awb-width-large:100%;--awb-margin-top-large:0px;--awb-spacing-right-large:1.92%;--awb-margin-bottom-large:0px;--awb-spacing-left-large:1.92%;--awb-width-medium:100%;--awb-order-medium:0;--awb-spacing-right-medium:1.92%;--awb-spacing-left-medium:1.92%;--awb-width-small:100%;--awb-order-small:0;--awb-spacing-right-small:1.92%;--awb-spacing-left-small:1.92%;\"><div class=\"fusion-column-wrapper fusion-column-has-shadow fusion-flex-justify-content-flex-start fusion-content-layout-column\"><div class=\"fusion-text fusion-text-8\"><h1 style=\"text-align: center;\"><span style=\"color: #008000;\">Actualidades<\/span><\/h1>\n<\/div><div class=\"fusion-blog-shortcode fusion-blog-shortcode-20 fusion-blog-archive fusion-blog-layout-timeline-wrapper fusion-blog-infinite fusion-blog-no-images\" id=\"filactu\"><div class=\"fusion-posts-container fusion-posts-container-infinite fusion-posts-container-load-more fusion-no-meta-info\" data-pages=\"3\"><div class=\"fusion-timeline-icon\"><i class=\"awb-icon-bubbles\" style=\"color:#3aaa35;\" aria-hidden=\"true\"><\/i><\/div><div class=\"fusion-blog-layout-timeline fusion-clearfix\"><div class=\"fusion-timeline-line\" style=\"border-left:1px solid #3aaa35;border-right:1px solid #3aaa35;\"><\/div><h3 class=\"fusion-timeline-date\" style=\"background-color:#3aaa35;\">marzo 2026<\/h3><div class=\"fusion-collapse-month\"><article id=\"blog-20-post-67166\" style=\"border-color:#3aaa35;\" class=\"post type-post format-standard fusion-post-timeline fusion-clearfix fusion-left-column post-67166 fil_d_actu type-fil_d_actu status-publish has-post-thumbnail hentry fils_d_actu_categ-actualidades-generales fils_d_actu_categ-proyecto-seve\">\n<div class=\"fusion-post-wrapper\" style=\"background-color:rgba(255,255,255,1);\"><div class=\"fusion-post-content-wrapper\" style=\"padding:30px 25px 20px 25px;\"><div class=\"fusion-post-content post-content\"><div class=\"fusion-timeline-circle\" style=\"background-color:#3aaa35;\"><\/div><div class=\"fusion-timeline-arrow\" style=\"color:#3aaa35;\"><\/div><h2 class=\"blog-shortcode-post-title entry-title\"><a href=\"https:\/\/envol-vert.org\/es\/act\/el-dia-internacional-de-los-bosques-la-sinergia-entre-los-bosques-y-la-economia\/\">El D\u00eda Internacional de los Bosques: la sinergia entre los bosques y la econom\u00eda.<\/a><\/h2><span class=\"vcard rich-snippet-hidden\"><span class=\"fn\"><a href=\"https:\/\/envol-vert.org\/es\/author\/flora\/\" title=\"Entradas de Flora Goldgran\" rel=\"author\">Flora Goldgran<\/a><\/span><\/span><span class=\"updated rich-snippet-hidden\">2026-04-06T13:03:51+02:00<\/span><\/div><\/div><div class=\"fusion-clearfix\"><\/div><\/div>\n<\/article>\n<\/div><h3 class=\"fusion-timeline-date\" style=\"background-color:#3aaa35;\">enero 2026<\/h3><div class=\"fusion-collapse-month\"><article id=\"blog-20-post-66789\" style=\"border-color:#3aaa35;\" class=\"post type-post format-standard fusion-post-timeline fusion-clearfix fusion-right-column post-66789 fil_d_actu type-fil_d_actu status-publish has-post-thumbnail hentry fils_d_actu_categ-actualidades-generales fils_d_actu_categ-proyecto-seve\">\n<div class=\"fusion-post-wrapper\" style=\"background-color:rgba(255,255,255,1);\"><div class=\"fusion-post-content-wrapper\" style=\"padding:30px 25px 20px 25px;\"><div class=\"fusion-post-content post-content\"><div class=\"fusion-timeline-circle\" style=\"background-color:#3aaa35;\"><\/div><div class=\"fusion-timeline-arrow\" style=\"color:#3aaa35;\"><\/div><h2 class=\"blog-shortcode-post-title entry-title\"><a href=\"https:\/\/envol-vert.org\/es\/act\/envol-vert-organiza-a-una-demostracion-de-aserrado-movil-en-una-obra-forestal\/\">\u00a1Envol Vert organiza a una demostraci\u00f3n de aserrado m\u00f3vil en una obra forestal!<\/a><\/h2><span class=\"vcard rich-snippet-hidden\"><span class=\"fn\"><a href=\"https:\/\/envol-vert.org\/es\/author\/flora\/\" title=\"Entradas de Flora Goldgran\" rel=\"author\">Flora Goldgran<\/a><\/span><\/span><span class=\"updated rich-snippet-hidden\">2026-02-19T23:21:21+02:00<\/span><\/div><\/div><div class=\"fusion-clearfix\"><\/div><\/div>\n<\/article>\n<\/div><h3 class=\"fusion-timeline-date\" style=\"background-color:#3aaa35;\">noviembre 2025<\/h3><div class=\"fusion-collapse-month\"><article id=\"blog-20-post-54485\" style=\"border-color:#3aaa35;\" class=\"post type-post format-standard fusion-post-timeline fusion-clearfix fusion-left-column post-54485 fil_d_actu type-fil_d_actu status-publish has-post-thumbnail hentry fils_d_actu_categ-actualidades-generales fils_d_actu_categ-proyecto-seve\">\n<div class=\"fusion-post-wrapper\" style=\"background-color:rgba(255,255,255,1);\"><div class=\"fusion-post-content-wrapper\" style=\"padding:30px 25px 20px 25px;\"><div class=\"fusion-post-content post-content\"><div class=\"fusion-timeline-circle\" style=\"background-color:#3aaa35;\"><\/div><div class=\"fusion-timeline-arrow\" style=\"color:#3aaa35;\"><\/div><h2 class=\"blog-shortcode-post-title entry-title\"><a href=\"https:\/\/envol-vert.org\/es\/act\/la-promocion-de-la-silvicultura-de-cobertura-continua-ccf-en-el-marco-del-proyecto-seve\/\">La promoci\u00f3n de la Silvicultura de Cobertura Continua (CCF) en el marco del proyecto SEVE<\/a><\/h2><span class=\"vcard rich-snippet-hidden\"><span class=\"fn\"><a href=\"https:\/\/envol-vert.org\/es\/author\/flora\/\" title=\"Entradas de Flora Goldgran\" rel=\"author\">Flora Goldgran<\/a><\/span><\/span><span class=\"updated rich-snippet-hidden\">2025-12-05T00:41:35+02:00<\/span><\/div><\/div><div class=\"fusion-clearfix\"><\/div><\/div>\n<\/article>\n<\/div><h3 class=\"fusion-timeline-date\" style=\"background-color:#3aaa35;\">octubre 2025<\/h3><div class=\"fusion-collapse-month\"><article id=\"blog-20-post-54286\" style=\"border-color:#3aaa35;\" class=\"post type-post format-standard fusion-post-timeline fusion-clearfix fusion-right-column post-54286 fil_d_actu type-fil_d_actu status-publish has-post-thumbnail hentry fils_d_actu_categ-actualidades-generales fils_d_actu_categ-proyecto-seve\">\n<div class=\"fusion-post-wrapper\" style=\"background-color:rgba(255,255,255,1);\"><div class=\"fusion-post-content-wrapper\" style=\"padding:30px 25px 20px 25px;\"><div class=\"fusion-post-content post-content\"><div class=\"fusion-timeline-circle\" style=\"background-color:#3aaa35;\"><\/div><div class=\"fusion-timeline-arrow\" style=\"color:#3aaa35;\"><\/div><h2 class=\"blog-shortcode-post-title entry-title\"><a href=\"https:\/\/envol-vert.org\/es\/act\/la-asamblea-general-de-la-gfc\/\">La asamblea general de la GFC<\/a><\/h2><span class=\"vcard rich-snippet-hidden\"><span class=\"fn\"><a href=\"https:\/\/envol-vert.org\/es\/author\/flora\/\" title=\"Entradas de Flora Goldgran\" rel=\"author\">Flora Goldgran<\/a><\/span><\/span><span class=\"updated rich-snippet-hidden\">2025-12-04T23:39:41+02:00<\/span><\/div><\/div><div class=\"fusion-clearfix\"><\/div><\/div>\n<\/article>\n<\/div><\/div><\/div><div class=\"fusion-infinite-scroll-trigger\"><\/div><div class=\"pagination infinite-scroll clearfix\" style=\"display:none;\"><span class=\"current\">1<\/span><a href=\"https:\/\/envol-vert.org\/es\/wp-json\/wp\/v2\/project\/41438\/page\/2\/\" class=\"inactive\">2<\/a><a class=\"pagination-next\" rel=\"next\" href=\"https:\/\/envol-vert.org\/es\/wp-json\/wp\/v2\/project\/41438\/page\/2\/\"><span class=\"page-text\">Next<\/span><span class=\"page-next\"><\/span><\/a><\/div><div class=\"fusion-clearfix\"><\/div><button class=\"fusion-load-more-button fusion-blog-button fusion-clearfix\">Mostrar m\u00e1s art\u00edculos<\/button><\/div><\/div><\/div><\/div><\/div><\/div><div id=\"biodiversit\u00e9\" class=\"fusion-container-anchor\"><div class=\"fusion-fullwidth fullwidth-box fusion-builder-row-4 nonhundred-percent-fullwidth non-hundred-percent-height-scrolling\" style=\"--awb-border-radius-top-left:0px;--awb-border-radius-top-right:0px;--awb-border-radius-bottom-right:0px;--awb-border-radius-bottom-left:0px;--awb-padding-top:3%;--awb-padding-right:3%;--awb-padding-bottom:3%;--awb-padding-left:3%;--awb-background-color:#3aaa35;--awb-flex-wrap:wrap;\" ><div class=\"fusion-builder-row fusion-row\"><div class=\"fusion-layout-column fusion_builder_column fusion-builder-column-7 fusion_builder_column_1_1 1_1 fusion-one-full fusion-column-first fusion-column-last\" style=\"--awb-bg-size:cover;\"><div class=\"fusion-column-wrapper fusion-column-has-shadow fusion-flex-column-wrapper-legacy\"><div class=\"fusion-text fusion-text-9\"><h1 style=\"text-align: center;\"><span style=\"color: #ffffff;\">FAUNA Y FLORA EMBLEM\u00c1TICA<\/span><\/h1>\n<\/div><div class=\"fusion-text fusion-text-10\"><p class=\"p1\" style=\"text-align: center;\"><span style=\"color: #ffffff;\"><em><span class=\"s1\">Les presentamos unas especies emblem\u00e1ticas presentes en las zonas del proyecto.<\/span><\/em><\/span><\/p>\n<\/div><div class=\"fusion-clearfix\"><\/div><\/div><\/div><div class=\"fusion-layout-column fusion_builder_column fusion-builder-column-8 fusion_builder_column_1_3 1_3 fusion-one-third fusion-column-first\" style=\"--awb-padding-top:3%;--awb-padding-right:3%;--awb-padding-bottom:3%;--awb-padding-left:3%;--awb-bg-color:#ffffff;--awb-bg-color-hover:#ffffff;--awb-bg-size:cover;--awb-box-shadow:5px 5px 5px 0px rgba(0,0,0,0.51);;--awb-border-color:#07663a;--awb-border-top:0;--awb-border-right:0;--awb-border-bottom:0;--awb-border-left:0;--awb-border-style:solid;width:33.333333333333%;width:calc(33.333333333333% - ( ( 4% ) * 0.33333333333333 ) );margin-right: 4%;\"><div class=\"fusion-column-wrapper fusion-column-has-shadow fusion-flex-column-wrapper-legacy\"><div class=\"fusion-text fusion-text-11\"><h4 style=\"text-align: center;\"><span class=\"s2\"><b>El Haya com\u00fan<br \/>\n<\/b><\/span><em><span class=\"s2\">(Fagus sylvatica L.)<\/span><\/em><\/h4>\n<\/div><div class=\"fusion-sep-clear\"><\/div><div class=\"fusion-separator fusion-no-small-visibility fusion-has-icon\" style=\"margin-left: auto;margin-right: auto;margin-top:2%;margin-bottom:5%;width:100%;max-width:75%;\"><div class=\"fusion-separator-border sep-single sep-solid\" style=\"--awb-height:20px;--awb-amount:20px;--awb-sep-color:#4b6b28;border-color:#4b6b28;border-top-width:2px;\"><\/div><span class=\"icon-wrapper\" style=\"border-color:#4b6b28;background-color:rgba(255,255,255,0);font-size:6px;width: 1.75em; height: 1.75em;border-width:2px;padding:2px;margin-top:-1px\"><i class=\"fa-air-freshener fas\" style=\"font-size: inherit;color:#4b6b28;\" aria-hidden=\"true\"><\/i><\/span><div class=\"fusion-separator-border sep-single sep-solid\" style=\"--awb-height:20px;--awb-amount:20px;--awb-sep-color:#4b6b28;border-color:#4b6b28;border-top-width:2px;\"><\/div><\/div><div class=\"fusion-sep-clear\"><\/div><a class=\"fusion-modal-text-link\" data-toggle=\"modal\" data-target=\".fusion-modal.H\u00eatre\" href=\"#\"><img decoding=\"async\" class=\"img-responsive wp-image-29028\" title=\"PIXNIO-H\u00eatre Commun\" src=\"https:\/\/envol-vert.org\/wp-content\/uploads\/2021\/09\/PIXNIO-Hetre-Commun.jpg\" sizes=\"(max-width: 909px) 100vw, 600px\" srcset=\"https:\/\/envol-vert.org\/wp-content\/uploads\/2021\/09\/PIXNIO-Hetre-Commun.jpg 169w, https:\/\/envol-vert.org\/wp-content\/uploads\/2021\/09\/PIXNIO-Hetre-Commun.jpg 200w, https:\/\/envol-vert.org\/wp-content\/uploads\/2021\/09\/PIXNIO-Hetre-Commun.jpg 400w, https:\/\/envol-vert.org\/wp-content\/uploads\/2021\/09\/PIXNIO-Hetre-Commun.jpg 454w\" width=\"1300\" height=\"567\" \/><\/a><div class=\"fusion-sep-clear\"><\/div><div class=\"fusion-separator fusion-no-small-visibility fusion-has-icon\" style=\"margin-left: auto;margin-right: auto;margin-top:3%;margin-bottom:3%;width:100%;max-width:75%;\"><div class=\"fusion-separator-border sep-single sep-solid\" style=\"--awb-height:20px;--awb-amount:20px;border-color:#e0dede;border-top-width:0px;\"><\/div><span class=\"icon-wrapper\" style=\"border-color:#e0dede;background-color:rgba(255,255,255,0);font-size:6px;width: 1.75em; height: 1.75em;border-width:0px;padding:0px;margin-top:-0px\"><i class=\"fa-air-freshener fas\" style=\"font-size: inherit;color:#e0dede;\" aria-hidden=\"true\"><\/i><\/span><div class=\"fusion-separator-border sep-single sep-solid\" style=\"--awb-height:20px;--awb-amount:20px;border-color:#e0dede;border-top-width:0px;\"><\/div><\/div><div class=\"fusion-sep-clear\"><\/div><div class=\"fusion-modal modal fade modal-1 H\u00eatre\" tabindex=\"-1\" role=\"dialog\" aria-labelledby=\"modal-heading-1\" aria-hidden=\"true\" style=\"--awb-border-color:#ebebeb;--awb-background:#f6f6f6;\"><div class=\"modal-dialog modal-lg\" role=\"document\"><div class=\"modal-content fusion-modal-content\"><div class=\"modal-header\"><button class=\"close\" type=\"button\" data-dismiss=\"modal\" aria-hidden=\"true\" aria-label=\"Cerrar\">&times;<\/button><h3 class=\"modal-title\" id=\"modal-heading-1\" data-dismiss=\"modal\" aria-hidden=\"true\">El Haya com\u00fan (Fagus sylvatica L.)<\/h3><\/div><div class=\"modal-body fusion-clearfix\">\n<p class=\"attachment\"><a href=\"https:\/\/envol-vert.org\/wp-content\/uploads\/2021\/03\/Triton-Marbre.jpg\" data-rel=\"iLightbox&#091;postimages&#093;\" data-title=\"\" data-caption=\"\"><img decoding=\"async\" class=\"alignnone wp-image-41327\" src=\"https:\/\/envol-vert.org\/wp-content\/uploads\/2021\/09\/PIXNIO-Hetre-Commun-600x400.jpg\" alt=\"\" width=\"315\" height=\"210\" srcset=\"https:\/\/envol-vert.org\/wp-content\/uploads\/2021\/09\/PIXNIO-Hetre-Commun-200x133.jpg 200w, https:\/\/envol-vert.org\/wp-content\/uploads\/2021\/09\/PIXNIO-Hetre-Commun-400x267.jpg 400w, https:\/\/envol-vert.org\/wp-content\/uploads\/2021\/09\/PIXNIO-Hetre-Commun-450x300.jpg 450w, https:\/\/envol-vert.org\/wp-content\/uploads\/2021\/09\/PIXNIO-Hetre-Commun-600x400.jpg 600w, https:\/\/envol-vert.org\/wp-content\/uploads\/2021\/09\/PIXNIO-Hetre-Commun-768x512.jpg 768w, https:\/\/envol-vert.org\/wp-content\/uploads\/2021\/09\/PIXNIO-Hetre-Commun-800x534.jpg 800w, https:\/\/envol-vert.org\/wp-content\/uploads\/2021\/09\/PIXNIO-Hetre-Commun-1024x683.jpg 1024w, https:\/\/envol-vert.org\/wp-content\/uploads\/2021\/09\/PIXNIO-Hetre-Commun-1200x800.jpg 1200w, https:\/\/envol-vert.org\/wp-content\/uploads\/2021\/09\/PIXNIO-Hetre-Commun.jpg 1300w\" sizes=\"(max-width: 315px) 100vw, 315px\" \/><\/a><\/p>\n<p>Majestuosa madera dura t\u00edpica de los bosques de monta\u00f1a, potencialmente en peligro de extinci\u00f3n por el cambio clim\u00e1tico, hermosa madera que se puede utilizar para la explotaci\u00f3n maderera. La preocupaci\u00f3n europea y mundial por su vulnerabilidad es menor.<\/div><\/div><\/div><\/div><div class=\"fusion-aligncenter\"><a class=\"fusion-button button-flat button-large button-default fusion-button-default button-1 fusion-button-default-span \" style=\"--button_margin-bottom:3%;\" target=\"_self\" href=\"#\" data-toggle=\"modal\" data-target=\".fusion-modal.H\u00eatre\"><span class=\"fusion-button-text awb-button__text awb-button__text--default\">Conocer<\/span><\/a><\/div><div class=\"fusion-clearfix\"><\/div><\/div><\/div><div class=\"fusion-layout-column fusion_builder_column fusion-builder-column-9 fusion_builder_column_1_3 1_3 fusion-one-third fusion-column-last\" style=\"--awb-padding-top:3%;--awb-padding-right:3%;--awb-padding-bottom:3%;--awb-padding-left:3%;--awb-bg-color:#ffffff;--awb-bg-color-hover:#ffffff;--awb-bg-size:cover;--awb-box-shadow:5px 5px 5px 0px rgba(0,0,0,0.51);;--awb-border-color:#07663a;--awb-border-top:0;--awb-border-right:0;--awb-border-bottom:0;--awb-border-left:0;--awb-border-style:solid;width:33.333333333333%;width:calc(33.333333333333% - ( ( 4% ) * 0.33333333333333 ) );\"><div class=\"fusion-column-wrapper fusion-column-has-shadow fusion-flex-column-wrapper-legacy\"><div class=\"fusion-text fusion-text-12\" style=\"--awb-content-alignment:center;\"><h4 style=\"text-align: center;\"><span class=\"s2\">La Gineta<br \/>\n<i>(Genetta genetta r<\/i><\/span><em><span class=\"s2\">hodanica<\/span><\/em><span class=\"s2\"><i>)<\/i><\/span><\/h4>\n<\/div><div class=\"fusion-sep-clear\"><\/div><div class=\"fusion-separator fusion-no-small-visibility fusion-has-icon\" style=\"margin-left: auto;margin-right: auto;margin-top:2%;margin-bottom:5%;width:100%;max-width:75%;\"><div class=\"fusion-separator-border sep-single sep-solid\" style=\"--awb-height:20px;--awb-amount:20px;--awb-sep-color:#4b6b28;border-color:#4b6b28;border-top-width:2px;\"><\/div><span class=\"icon-wrapper\" style=\"border-color:#4b6b28;background-color:rgba(255,255,255,0);font-size:6px;width: 1.75em; height: 1.75em;border-width:2px;padding:2px;margin-top:-1px\"><i class=\"fa-air-freshener fas\" style=\"font-size: inherit;color:#4b6b28;\" aria-hidden=\"true\"><\/i><\/span><div class=\"fusion-separator-border sep-single sep-solid\" style=\"--awb-height:20px;--awb-amount:20px;--awb-sep-color:#4b6b28;border-color:#4b6b28;border-top-width:2px;\"><\/div><\/div><div class=\"fusion-sep-clear\"><\/div><a class=\"fusion-modal-text-link\" data-toggle=\"modal\" data-target=\".fusion-modal.Genette\" href=\"#\"><img decoding=\"async\" class=\"alignnone wp-image-41334\" title=\"Genette Commune\" src=\"https:\/\/envol-vert.org\/wp-content\/uploads\/2021\/09\/Genette-Commune-%C2%A9P.Haffner-1.jpg\" sizes=\"(max-width: 909px) 100vw, 600px\" srcset=\"https:\/\/envol-vert.org\/wp-content\/uploads\/2021\/09\/Genette-Commune-\u00a9P.Haffner-1-600x400.jpg\" width=\"1300\" height=\"567\" \/><\/a><div class=\"fusion-sep-clear\"><\/div><div class=\"fusion-separator fusion-no-small-visibility fusion-has-icon\" style=\"margin-left: auto;margin-right: auto;margin-top:3%;margin-bottom:3%;width:100%;max-width:75%;\"><div class=\"fusion-separator-border sep-single sep-solid\" style=\"--awb-height:20px;--awb-amount:20px;border-color:#e0dede;border-top-width:0px;\"><\/div><span class=\"icon-wrapper\" style=\"border-color:#e0dede;background-color:rgba(255,255,255,0);font-size:6px;width: 1.75em; height: 1.75em;border-width:0px;padding:0px;margin-top:-0px\"><i class=\"fa-air-freshener fas\" style=\"font-size: inherit;color:#e0dede;\" aria-hidden=\"true\"><\/i><\/span><div class=\"fusion-separator-border sep-single sep-solid\" style=\"--awb-height:20px;--awb-amount:20px;border-color:#e0dede;border-top-width:0px;\"><\/div><\/div><div class=\"fusion-sep-clear\"><\/div><div class=\"fusion-modal modal fade modal-2 Genette\" tabindex=\"-1\" role=\"dialog\" aria-labelledby=\"modal-heading-2\" aria-hidden=\"true\" style=\"--awb-border-color:#ebebeb;--awb-background:#f6f6f6;\"><div class=\"modal-dialog modal-lg\" role=\"document\"><div class=\"modal-content fusion-modal-content\"><div class=\"modal-header\"><button class=\"close\" type=\"button\" data-dismiss=\"modal\" aria-hidden=\"true\" aria-label=\"Cerrar\">&times;<\/button><h3 class=\"modal-title\" id=\"modal-heading-2\" data-dismiss=\"modal\" aria-hidden=\"true\">La Gineta (Genetta genetta rhodanica)<\/h3><\/div><div class=\"modal-body fusion-clearfix\">\n<div class=\"post-content\">\n<p class=\"attachment\"><img decoding=\"async\" class=\"alignnone wp-image-41334\" src=\"https:\/\/envol-vert.org\/wp-content\/uploads\/2021\/09\/Genette-Commune-\u00a9P.Haffner-1-600x400.jpg\" alt=\"\" width=\"413\" height=\"275\" srcset=\"https:\/\/envol-vert.org\/wp-content\/uploads\/2021\/09\/Genette-Commune-\u00a9P.Haffner-1-200x133.jpg 200w, https:\/\/envol-vert.org\/wp-content\/uploads\/2021\/09\/Genette-Commune-\u00a9P.Haffner-1-400x267.jpg 400w, https:\/\/envol-vert.org\/wp-content\/uploads\/2021\/09\/Genette-Commune-\u00a9P.Haffner-1-450x300.jpg 450w, https:\/\/envol-vert.org\/wp-content\/uploads\/2021\/09\/Genette-Commune-\u00a9P.Haffner-1-600x400.jpg 600w, https:\/\/envol-vert.org\/wp-content\/uploads\/2021\/09\/Genette-Commune-\u00a9P.Haffner-1-768x512.jpg 768w, https:\/\/envol-vert.org\/wp-content\/uploads\/2021\/09\/Genette-Commune-\u00a9P.Haffner-1.jpg 800w\" sizes=\"(max-width: 413px) 100vw, 413px\" \/><\/p>\n<p>Mam\u00edfero carn\u00edvoro nocturno y discreto, de un tama\u00f1o, color y morfolog\u00eda que a veces lo hace confundir con un gato. Este animal es tan poco conocido por el p\u00fablico en general que muchas personas ni siquiera sospechan de su presencia en nuestro territorio. Sin embargo, su poblaci\u00f3n en Francia es la segunda m\u00e1s grande de nuestro continente.<\/p>\n<\/div>\n<\/div><\/div><\/div><\/div><div class=\"fusion-aligncenter\"><a class=\"fusion-button button-flat button-large button-default fusion-button-default button-2 fusion-button-default-span \" style=\"--button_margin-bottom:3%;\" target=\"_self\" href=\"#\" data-toggle=\"modal\" data-target=\".fusion-modal.Genette\"><span class=\"fusion-button-text awb-button__text awb-button__text--default\">Conocer<\/span><\/a><\/div><div class=\"fusion-clearfix\"><\/div><\/div><\/div><\/div><\/div><\/div><\/p>\n","protected":false},"excerpt":{"rendered":"<p>El proyecto SEVE, por una silvicultura \u00e9tica, viva y comprometida, tiene como objetivo de implicar a los ciudadanos en la gesti\u00f3n sostenible de los bosques, apoyar a los propietarios forestales y revitalizar el sector de la madera artesanal en el Haut-Languedoc (Francia).<\/p>\n","protected":false},"featured_media":41201,"template":"","meta":{"footnotes":""},"project_category":[1420,1419],"class_list":["post-41438","project","type-project","status-publish","has-post-thumbnail","hentry","project_category-francia","project_category-proyectos-en-curso"],"_links":{"self":[{"href":"https:\/\/envol-vert.org\/es\/wp-json\/wp\/v2\/project\/41438","targetHints":{"allow":["GET"]}}],"collection":[{"href":"https:\/\/envol-vert.org\/es\/wp-json\/wp\/v2\/project"}],"about":[{"href":"https:\/\/envol-vert.org\/es\/wp-json\/wp\/v2\/types\/project"}],"version-history":[{"count":0,"href":"https:\/\/envol-vert.org\/es\/wp-json\/wp\/v2\/project\/41438\/revisions"}],"wp:featuredmedia":[{"embeddable":true,"href":"https:\/\/envol-vert.org\/es\/wp-json\/wp\/v2\/media\/41201"}],"wp:attachment":[{"href":"https:\/\/envol-vert.org\/es\/wp-json\/wp\/v2\/media?parent=41438"}],"wp:term":[{"taxonomy":"project_category","embeddable":true,"href":"https:\/\/envol-vert.org\/es\/wp-json\/wp\/v2\/project_category?post=41438"}],"curies":[{"name":"wp","href":"https:\/\/api.w.org\/{rel}","templated":true}]}}