{"id":51062,"date":"2023-04-15T17:32:54","date_gmt":"2023-04-15T15:32:54","guid":{"rendered":"https:\/\/envol-vert.org\/?post_type=rapport&#038;p=51062"},"modified":"2024-06-15T17:49:18","modified_gmt":"2024-06-15T15:49:18","slug":"informe-de-actividades-2022-2","status":"publish","type":"rapport","link":"https:\/\/envol-vert.org\/es\/informe\/informe-de-actividades-2022-2\/","title":{"rendered":"Informe de actividades 2022"},"content":{"rendered":"<div class=\"fusion-fullwidth fullwidth-box fusion-builder-row-1 nonhundred-percent-fullwidth non-hundred-percent-height-scrolling\" style=\"--awb-border-radius-top-left:0px;--awb-border-radius-top-right:0px;--awb-border-radius-bottom-right:0px;--awb-border-radius-bottom-left:0px;--awb-flex-wrap:wrap;\" ><div class=\"fusion-builder-row fusion-row\"><div class=\"fusion-layout-column fusion_builder_column fusion-builder-column-0 fusion_builder_column_1_1 1_1 fusion-one-full fusion-column-first fusion-column-last\" style=\"--awb-bg-size:cover;--awb-margin-bottom:0px;\"><div class=\"fusion-column-wrapper fusion-flex-column-wrapper-legacy\"><div class=\"fusion-button-wrapper\"><a class=\"fusion-button button-flat fusion-button-default-size button-default fusion-button-default button-1 fusion-button-default-span fusion-button-default-type\" style=\"--awb-margin-bottom:5%;\" target=\"_blank\" rel=\"noopener noreferrer\" href=\"https:\/\/drive.google.com\/file\/d\/1x6yHC53lI37AYXi_ILqhIjrN4c6KAEzH\/view?usp=sharing\"><i class=\"fa-arrow-circle-down fas awb-button__icon awb-button__icon--default button-icon-left\" aria-hidden=\"true\"><\/i><span class=\"fusion-button-text awb-button__text awb-button__text--default\">Descargar el informe 2022<\/span><\/a><\/div><div class=\"fusion-text fusion-text-1\" style=\"--awb-text-transform:none;\"><p data-testid=\"HYvu_d0xK\"><strong>2022 sigue plante\u00e1ndonos muchos retos.<\/strong> A la vista del <a href=\"https:\/\/www.ipcc.ch\/report\/ar6\/wg1\/downloads\/report\/IPCC_AR6_WGI_SPM_final.pdf\">6\u00ba informe del IPCC<\/a> y de la falta de respuesta de empresas y gobiernos, vamos a tener que seguir luchando.<\/p>\n<\/div><div class=\"fusion-title title fusion-title-1 sep-underline sep-solid fusion-title-text fusion-title-size-four\" style=\"--awb-margin-top-small:0px;--awb-margin-right-small:0px;--awb-margin-bottom-small:0px;--awb-margin-left-small:0px;\"><h4 class=\"fusion-title-heading title-heading-left fusion-responsive-typography-calculated\" style=\"margin:0;--fontSize:16.8;--minFontSize:16.8;line-height:1.29;\"><div class=\"fusion-fa-align-left\"><i class=\"fb-icon-element-1 fb-icon-element fontawesome-icon fa-seedling fas circle-no\" style=\"--awb-iconcolor:#3aaa35;--awb-font-size:30px;--awb-margin-bottom:5%;\"><\/i><\/div>Un resumen r\u00e1pido:<\/h4><\/div><ul style=\"--awb-iconcolor:#ea773d;--awb-line-height:23.8px;--awb-icon-width:23.8px;--awb-icon-height:23.8px;--awb-icon-margin:9.8px;--awb-content-margin:33.6px;\" class=\"fusion-checklist fusion-checklist-1 fusion-checklist-default type-icons\"><li class=\"fusion-li-item\" style=\"\"><span class=\"icon-wrapper circle-no\"><i class=\"fusion-li-icon fa-angle-right fas\" aria-hidden=\"true\"><\/i><\/span><div class=\"fusion-li-item-content\">\n<p>En Colombia, 12 personas de la costa y 3 de Socot\u00e1 viajaron al departamento de Nari\u00f1o, a 3.000 m de altitud en la frontera con Ecuador, <strong>para conocer mejor las actividades puestas en marcha por las comunidades de Pasto<\/strong>. El programa inclu\u00eda presentaciones te\u00f3ricas y talleres pr\u00e1cticos, visitas sobre el terreno y comentarios sobre los viveros, la restauraci\u00f3n de corredores ecol\u00f3gicos y la transformaci\u00f3n de productos naturales.<\/p>\n<\/div><\/li><li class=\"fusion-li-item\" style=\"\"><span class=\"icon-wrapper circle-no\"><i class=\"fusion-li-icon fa-angle-right fas\" aria-hidden=\"true\"><\/i><\/span><div class=\"fusion-li-item-content\">\n<p>En Francia, el proyecto SEVE ha sido un verdadero \u00e9xito, con m\u00e1s de cincuenta <strong>propietarios forestales interesados <\/strong>en nuestro apoyo. Varios ciudadanos se <strong>han apuntado para formar un Groupement Forestier Citoyen<\/strong> (GFC, Grupo forestal de ciudadanos).<\/p>\n<\/div><\/li><li class=\"fusion-li-item\" style=\"\"><span class=\"icon-wrapper circle-no\"><i class=\"fusion-li-icon fa-angle-right fas\" aria-hidden=\"true\"><\/i><\/span><div class=\"fusion-li-item-content\">\n<div class=\"fusion-text fusion-text-2\">\n<p>En Per\u00fa, <strong>las alternativas econ\u00f3micas se pusieron en marcha<\/strong> con las comunidades. Un largo estudio de diagn\u00f3stico realizado a lo largo de varios a\u00f1os analiz\u00f3 las alternativas econ\u00f3micas a la deforestaci\u00f3n m\u00e1s pertinentes y mejor recibidas por los agricultores y las poblaciones locales.<\/p>\n<\/div>\n<\/div><\/li><li class=\"fusion-li-item\" style=\"\"><span class=\"icon-wrapper circle-no\"><i class=\"fusion-li-icon fa-angle-right fas\" aria-hidden=\"true\"><\/i><\/span><div class=\"fusion-li-item-content\">\n<p>En cuanto a la organizaci\u00f3n interna de Envol Vert, el a\u00f1o 2022 estuvo marcado por una serie de logros en materia de Recursos Humanos. La asociaci\u00f3n puso en marcha <strong>su primera pol\u00edtica salarial<\/strong>, que permite revalorizar los salarios sobre la base de criterios justos y transparentes. Envol Vert tambi\u00e9n ha avanzado hacia un <strong>sistema de autogobierno conocido como &#8220;Opale&#8221;<\/strong>.<\/p>\n<\/div><\/li><\/ul><div class=\"fusion-text fusion-text-2 fusion-text-no-margin\" style=\"--awb-text-transform:none;--awb-margin-top:3%;--awb-margin-bottom:0px;\"><p data-testid=\"HYvu_d0xK\">En este informe resumimos <strong>todas nuestras actuaciones<\/strong>, presentamos <strong>nuestro informe financiero<\/strong> y los indicadores utilizados para <strong>evaluar nuestro trabajo<\/strong>.<\/p>\n<h4 class=\"text-build-content\" style=\"text-align: center;\" data-testid=\"HYvu_d0xK\"><span style=\"color: #076633;\"><strong>Gracias a tod@s l@s que han contribuido a hacerlo posible.<\/strong><\/span><\/h4>\n<\/div><div class=\"fusion-button-wrapper fusion-aligncenter\"><a class=\"fusion-button button-flat fusion-button-default-size button-default fusion-button-default button-2 fusion-button-default-span fusion-button-default-type\" style=\"--awb-margin-top:5%;\" target=\"_blank\" rel=\"noopener noreferrer\" href=\"https:\/\/drive.google.com\/file\/d\/1x6yHC53lI37AYXi_ILqhIjrN4c6KAEzH\/view?usp=sharing\"><i class=\"fa-arrow-circle-down fas awb-button__icon awb-button__icon--default button-icon-left\" aria-hidden=\"true\"><\/i><span class=\"fusion-button-text awb-button__text awb-button__text--default\">Descargar el informe 2022<\/span><\/a><\/div><div class=\"fusion-clearfix\"><\/div><\/div><\/div><\/div><\/div>\n","protected":false},"featured_media":47156,"template":"","rapport_category":[1976,1662,1949],"class_list":["post-51062","rapport","type-rapport","status-publish","has-post-thumbnail","hentry","rapport_category-2022-2","rapport_category-actualidades-generales","rapport_category-informe-de-actividades"],"yoast_head":"<!-- This site is optimized with the Yoast SEO plugin v28.3 - https:\/\/yoast.com\/product\/yoast-seo-wordpress\/ -->\n<title>Informe de actividades 2022 - Envol Vert<\/title>\n<meta name=\"robots\" content=\"index, follow, max-snippet:-1, max-image-preview:large, max-video-preview:-1\" \/>\n<link rel=\"canonical\" href=\"https:\/\/envol-vert.org\/es\/informe\/informe-de-actividades-2022-2\/\" \/>\n<meta property=\"og:locale\" content=\"es_ES\" \/>\n<meta property=\"og:type\" content=\"article\" \/>\n<meta property=\"og:title\" content=\"Informe de actividades 2022 - Envol Vert\" \/>\n<meta property=\"og:url\" content=\"https:\/\/envol-vert.org\/es\/informe\/informe-de-actividades-2022-2\/\" \/>\n<meta property=\"og:site_name\" content=\"Envol Vert\" \/>\n<meta property=\"article:publisher\" content=\"https:\/\/www.facebook.com\/EnvolVertFrance\/\" \/>\n<meta property=\"article:modified_time\" content=\"2024-06-15T15:49:18+00:00\" \/>\n<meta property=\"og:image\" content=\"https:\/\/envol-vert.org\/wp-content\/uploads\/2023\/04\/Site-Web_Featured-Rapport-dActivite-2022.png\" \/>\n\t<meta property=\"og:image:width\" content=\"1200\" \/>\n\t<meta property=\"og:image:height\" content=\"600\" \/>\n\t<meta property=\"og:image:type\" content=\"image\/png\" \/>\n<meta name=\"twitter:card\" content=\"summary_large_image\" \/>\n<meta name=\"twitter:site\" content=\"@Envolvert\" \/>\n<meta name=\"twitter:label1\" content=\"Tiempo de lectura\" \/>\n\t<meta name=\"twitter:data1\" content=\"7 minutes\" \/>\n<script type=\"application\/ld+json\" class=\"yoast-schema-graph\">{\"@context\":\"https:\\\/\\\/schema.org\",\"@graph\":[{\"@type\":\"WebPage\",\"@id\":\"https:\\\/\\\/envol-vert.org\\\/es\\\/informe\\\/informe-de-actividades-2022-2\\\/\",\"url\":\"https:\\\/\\\/envol-vert.org\\\/es\\\/informe\\\/informe-de-actividades-2022-2\\\/\",\"name\":\"Informe de actividades 2022 - Envol Vert\",\"isPartOf\":{\"@id\":\"https:\\\/\\\/envol-vert.org\\\/es\\\/#website\"},\"primaryImageOfPage\":{\"@id\":\"https:\\\/\\\/envol-vert.org\\\/es\\\/informe\\\/informe-de-actividades-2022-2\\\/#primaryimage\"},\"image\":{\"@id\":\"https:\\\/\\\/envol-vert.org\\\/es\\\/informe\\\/informe-de-actividades-2022-2\\\/#primaryimage\"},\"thumbnailUrl\":\"https:\\\/\\\/envol-vert.org\\\/wp-content\\\/uploads\\\/2023\\\/04\\\/Site-Web_Featured-Rapport-dActivite-2022.png\",\"datePublished\":\"2023-04-15T15:32:54+00:00\",\"dateModified\":\"2024-06-15T15:49:18+00:00\",\"breadcrumb\":{\"@id\":\"https:\\\/\\\/envol-vert.org\\\/es\\\/informe\\\/informe-de-actividades-2022-2\\\/#breadcrumb\"},\"inLanguage\":\"es-ES\",\"potentialAction\":[{\"@type\":\"ReadAction\",\"target\":[\"https:\\\/\\\/envol-vert.org\\\/es\\\/informe\\\/informe-de-actividades-2022-2\\\/\"]}]},{\"@type\":\"ImageObject\",\"inLanguage\":\"es-ES\",\"@id\":\"https:\\\/\\\/envol-vert.org\\\/es\\\/informe\\\/informe-de-actividades-2022-2\\\/#primaryimage\",\"url\":\"https:\\\/\\\/envol-vert.org\\\/wp-content\\\/uploads\\\/2023\\\/04\\\/Site-Web_Featured-Rapport-dActivite-2022.png\",\"contentUrl\":\"https:\\\/\\\/envol-vert.org\\\/wp-content\\\/uploads\\\/2023\\\/04\\\/Site-Web_Featured-Rapport-dActivite-2022.png\",\"width\":1200,\"height\":600},{\"@type\":\"BreadcrumbList\",\"@id\":\"https:\\\/\\\/envol-vert.org\\\/es\\\/informe\\\/informe-de-actividades-2022-2\\\/#breadcrumb\",\"itemListElement\":[{\"@type\":\"ListItem\",\"position\":1,\"name\":\"Accueil\",\"item\":\"https:\\\/\\\/envol-vert.org\\\/es\\\/\"},{\"@type\":\"ListItem\",\"position\":2,\"name\":\"Informe de actividades 2022\"}]},{\"@type\":\"WebSite\",\"@id\":\"https:\\\/\\\/envol-vert.org\\\/es\\\/#website\",\"url\":\"https:\\\/\\\/envol-vert.org\\\/es\\\/\",\"name\":\"Envol Vert\",\"description\":\"La for\u00eat nous rend service, rendons le lui.\",\"publisher\":{\"@id\":\"https:\\\/\\\/envol-vert.org\\\/es\\\/#organization\"},\"potentialAction\":[{\"@type\":\"SearchAction\",\"target\":{\"@type\":\"EntryPoint\",\"urlTemplate\":\"https:\\\/\\\/envol-vert.org\\\/es\\\/?s={search_term_string}\"},\"query-input\":{\"@type\":\"PropertyValueSpecification\",\"valueRequired\":true,\"valueName\":\"search_term_string\"}}],\"inLanguage\":\"es-ES\"},{\"@type\":\"Organization\",\"@id\":\"https:\\\/\\\/envol-vert.org\\\/es\\\/#organization\",\"name\":\"Envol Vert\",\"url\":\"https:\\\/\\\/envol-vert.org\\\/es\\\/\",\"logo\":{\"@type\":\"ImageObject\",\"inLanguage\":\"es-ES\",\"@id\":\"https:\\\/\\\/envol-vert.org\\\/es\\\/#\\\/schema\\\/logo\\\/image\\\/\",\"url\":\"https:\\\/\\\/envol-vert.org\\\/wp-content\\\/uploads\\\/2021\\\/03\\\/Logo-icone-site.png\",\"contentUrl\":\"https:\\\/\\\/envol-vert.org\\\/wp-content\\\/uploads\\\/2021\\\/03\\\/Logo-icone-site.png\",\"width\":512,\"height\":512,\"caption\":\"Envol Vert\"},\"image\":{\"@id\":\"https:\\\/\\\/envol-vert.org\\\/es\\\/#\\\/schema\\\/logo\\\/image\\\/\"},\"sameAs\":[\"https:\\\/\\\/www.facebook.com\\\/EnvolVertFrance\\\/\",\"https:\\\/\\\/x.com\\\/Envolvert\",\"https:\\\/\\\/www.instagram.com\\\/envol_vert_france\\\/\",\"https:\\\/\\\/www.linkedin.com\\\/company\\\/envolvert\\\/\",\"https:\\\/\\\/www.youtube.com\\\/c\\\/EnvolVert\"]}]}<\/script>\n<!-- \/ Yoast SEO plugin. -->","yoast_head_json":{"title":"Informe de actividades 2022 - Envol Vert","robots":{"index":"index","follow":"follow","max-snippet":"max-snippet:-1","max-image-preview":"max-image-preview:large","max-video-preview":"max-video-preview:-1"},"canonical":"https:\/\/envol-vert.org\/es\/informe\/informe-de-actividades-2022-2\/","og_locale":"es_ES","og_type":"article","og_title":"Informe de actividades 2022 - Envol Vert","og_url":"https:\/\/envol-vert.org\/es\/informe\/informe-de-actividades-2022-2\/","og_site_name":"Envol Vert","article_publisher":"https:\/\/www.facebook.com\/EnvolVertFrance\/","article_modified_time":"2024-06-15T15:49:18+00:00","og_image":[{"width":1200,"height":600,"url":"https:\/\/envol-vert.org\/wp-content\/uploads\/2023\/04\/Site-Web_Featured-Rapport-dActivite-2022.png","type":"image\/png"}],"twitter_card":"summary_large_image","twitter_site":"@Envolvert","twitter_misc":{"Tiempo de lectura":"7 minutes"},"schema":{"@context":"https:\/\/schema.org","@graph":[{"@type":"WebPage","@id":"https:\/\/envol-vert.org\/es\/informe\/informe-de-actividades-2022-2\/","url":"https:\/\/envol-vert.org\/es\/informe\/informe-de-actividades-2022-2\/","name":"Informe de actividades 2022 - Envol Vert","isPartOf":{"@id":"https:\/\/envol-vert.org\/es\/#website"},"primaryImageOfPage":{"@id":"https:\/\/envol-vert.org\/es\/informe\/informe-de-actividades-2022-2\/#primaryimage"},"image":{"@id":"https:\/\/envol-vert.org\/es\/informe\/informe-de-actividades-2022-2\/#primaryimage"},"thumbnailUrl":"https:\/\/envol-vert.org\/wp-content\/uploads\/2023\/04\/Site-Web_Featured-Rapport-dActivite-2022.png","datePublished":"2023-04-15T15:32:54+00:00","dateModified":"2024-06-15T15:49:18+00:00","breadcrumb":{"@id":"https:\/\/envol-vert.org\/es\/informe\/informe-de-actividades-2022-2\/#breadcrumb"},"inLanguage":"es-ES","potentialAction":[{"@type":"ReadAction","target":["https:\/\/envol-vert.org\/es\/informe\/informe-de-actividades-2022-2\/"]}]},{"@type":"ImageObject","inLanguage":"es-ES","@id":"https:\/\/envol-vert.org\/es\/informe\/informe-de-actividades-2022-2\/#primaryimage","url":"https:\/\/envol-vert.org\/wp-content\/uploads\/2023\/04\/Site-Web_Featured-Rapport-dActivite-2022.png","contentUrl":"https:\/\/envol-vert.org\/wp-content\/uploads\/2023\/04\/Site-Web_Featured-Rapport-dActivite-2022.png","width":1200,"height":600},{"@type":"BreadcrumbList","@id":"https:\/\/envol-vert.org\/es\/informe\/informe-de-actividades-2022-2\/#breadcrumb","itemListElement":[{"@type":"ListItem","position":1,"name":"Accueil","item":"https:\/\/envol-vert.org\/es\/"},{"@type":"ListItem","position":2,"name":"Informe de actividades 2022"}]},{"@type":"WebSite","@id":"https:\/\/envol-vert.org\/es\/#website","url":"https:\/\/envol-vert.org\/es\/","name":"Envol Vert","description":"La for\u00eat nous rend service, rendons le lui.","publisher":{"@id":"https:\/\/envol-vert.org\/es\/#organization"},"potentialAction":[{"@type":"SearchAction","target":{"@type":"EntryPoint","urlTemplate":"https:\/\/envol-vert.org\/es\/?s={search_term_string}"},"query-input":{"@type":"PropertyValueSpecification","valueRequired":true,"valueName":"search_term_string"}}],"inLanguage":"es-ES"},{"@type":"Organization","@id":"https:\/\/envol-vert.org\/es\/#organization","name":"Envol Vert","url":"https:\/\/envol-vert.org\/es\/","logo":{"@type":"ImageObject","inLanguage":"es-ES","@id":"https:\/\/envol-vert.org\/es\/#\/schema\/logo\/image\/","url":"https:\/\/envol-vert.org\/wp-content\/uploads\/2021\/03\/Logo-icone-site.png","contentUrl":"https:\/\/envol-vert.org\/wp-content\/uploads\/2021\/03\/Logo-icone-site.png","width":512,"height":512,"caption":"Envol Vert"},"image":{"@id":"https:\/\/envol-vert.org\/es\/#\/schema\/logo\/image\/"},"sameAs":["https:\/\/www.facebook.com\/EnvolVertFrance\/","https:\/\/x.com\/Envolvert","https:\/\/www.instagram.com\/envol_vert_france\/","https:\/\/www.linkedin.com\/company\/envolvert\/","https:\/\/www.youtube.com\/c\/EnvolVert"]}]}},"_links":{"self":[{"href":"https:\/\/envol-vert.org\/es\/wp-json\/wp\/v2\/rapport\/51062","targetHints":{"allow":["GET"]}}],"collection":[{"href":"https:\/\/envol-vert.org\/es\/wp-json\/wp\/v2\/rapport"}],"about":[{"href":"https:\/\/envol-vert.org\/es\/wp-json\/wp\/v2\/types\/rapport"}],"wp:featuredmedia":[{"embeddable":true,"href":"https:\/\/envol-vert.org\/es\/wp-json\/wp\/v2\/media\/47156"}],"wp:attachment":[{"href":"https:\/\/envol-vert.org\/es\/wp-json\/wp\/v2\/media?parent=51062"}],"wp:term":[{"taxonomy":"rapport_category","embeddable":true,"href":"https:\/\/envol-vert.org\/es\/wp-json\/wp\/v2\/rapport_category?post=51062"}],"curies":[{"name":"wp","href":"https:\/\/api.w.org\/{rel}","templated":true}]}}